{"id":103,"date":"2024-05-22T18:52:37","date_gmt":"2024-05-22T16:52:37","guid":{"rendered":"https:\/\/choeursdecarcassonne.fr\/?page_id=103"},"modified":"2025-08-08T16:19:13","modified_gmt":"2025-08-08T14:19:13","slug":"photos","status":"publish","type":"page","link":"https:\/\/choeursdecarcassonne.fr\/index.php\/photos\/","title":{"rendered":"PHOTOS"},"content":{"rendered":"<p><\/p>\r\n<p>&nbsp;<\/p>\r\n<p>&nbsp;<\/p>\r\n<p style=\"text-align: left;\">L&rsquo;aventure de la TRAVIATA :\u00a0<\/p>\r\n<pre style=\"text-align: left;\">35 choristes de Carcassonne :\u00a013 alti, 14 soprani, 8 basses, \r\navec le choeur Melop\u00e9e de Toulouse et des choristes de Perpignan<\/pre>\r\n<p>R\u00e9p\u00e9titions :<\/p>\r\n<p>26 avril (Petit Saint Gimer) avec Cyril<\/p>\r\n<p><img loading=\"lazy\" decoding=\"async\" class=\"alignnone size-medium wp-image-1030\" src=\"http:\/\/choeursdecarcassonne.fr\/wp-content\/uploads\/2025\/08\/repet-26-avril-300x225.jpg\" alt=\"\" width=\"300\" height=\"225\" srcset=\"https:\/\/choeursdecarcassonne.fr\/wp-content\/uploads\/2025\/08\/repet-26-avril-300x225.jpg 300w, https:\/\/choeursdecarcassonne.fr\/wp-content\/uploads\/2025\/08\/repet-26-avril-360x270.jpg 360w, https:\/\/choeursdecarcassonne.fr\/wp-content\/uploads\/2025\/08\/repet-26-avril.jpg 600w\" sizes=\"auto, (max-width: 300px) 100vw, 300px\" \/> <img loading=\"lazy\" decoding=\"async\" class=\"alignnone size-medium wp-image-1033\" src=\"http:\/\/choeursdecarcassonne.fr\/wp-content\/uploads\/2025\/08\/repet26-avril-3-300x225.jpg\" alt=\"\" width=\"300\" height=\"225\" srcset=\"https:\/\/choeursdecarcassonne.fr\/wp-content\/uploads\/2025\/08\/repet26-avril-3-300x225.jpg 300w, https:\/\/choeursdecarcassonne.fr\/wp-content\/uploads\/2025\/08\/repet26-avril-3-1024x768.jpg 1024w, https:\/\/choeursdecarcassonne.fr\/wp-content\/uploads\/2025\/08\/repet26-avril-3-768x576.jpg 768w, https:\/\/choeursdecarcassonne.fr\/wp-content\/uploads\/2025\/08\/repet26-avril-3-1536x1152.jpg 1536w, https:\/\/choeursdecarcassonne.fr\/wp-content\/uploads\/2025\/08\/repet26-avril-3-360x270.jpg 360w, https:\/\/choeursdecarcassonne.fr\/wp-content\/uploads\/2025\/08\/repet26-avril-3.jpg 2048w\" sizes=\"auto, (max-width: 300px) 100vw, 300px\" \/> <img loading=\"lazy\" decoding=\"async\" class=\"alignnone size-medium wp-image-1032\" src=\"http:\/\/choeursdecarcassonne.fr\/wp-content\/uploads\/2025\/08\/repet-du-26-avril-300x225.jpg\" alt=\"\" width=\"300\" height=\"225\" srcset=\"https:\/\/choeursdecarcassonne.fr\/wp-content\/uploads\/2025\/08\/repet-du-26-avril-300x225.jpg 300w, https:\/\/choeursdecarcassonne.fr\/wp-content\/uploads\/2025\/08\/repet-du-26-avril-1024x768.jpg 1024w, https:\/\/choeursdecarcassonne.fr\/wp-content\/uploads\/2025\/08\/repet-du-26-avril-768x576.jpg 768w, https:\/\/choeursdecarcassonne.fr\/wp-content\/uploads\/2025\/08\/repet-du-26-avril-1536x1152.jpg 1536w, https:\/\/choeursdecarcassonne.fr\/wp-content\/uploads\/2025\/08\/repet-du-26-avril-360x270.jpg 360w, https:\/\/choeursdecarcassonne.fr\/wp-content\/uploads\/2025\/08\/repet-du-26-avril.jpg 2048w\" sizes=\"auto, (max-width: 300px) 100vw, 300px\" \/><\/p>\r\n<p><img loading=\"lazy\" decoding=\"async\" class=\"alignnone size-medium wp-image-1027\" src=\"http:\/\/choeursdecarcassonne.fr\/wp-content\/uploads\/2025\/08\/repet-26-avril-4-300x225.jpg\" alt=\"\" width=\"300\" height=\"225\" srcset=\"https:\/\/choeursdecarcassonne.fr\/wp-content\/uploads\/2025\/08\/repet-26-avril-4-300x225.jpg 300w, https:\/\/choeursdecarcassonne.fr\/wp-content\/uploads\/2025\/08\/repet-26-avril-4-1024x768.jpg 1024w, https:\/\/choeursdecarcassonne.fr\/wp-content\/uploads\/2025\/08\/repet-26-avril-4-768x576.jpg 768w, https:\/\/choeursdecarcassonne.fr\/wp-content\/uploads\/2025\/08\/repet-26-avril-4-1536x1152.jpg 1536w, https:\/\/choeursdecarcassonne.fr\/wp-content\/uploads\/2025\/08\/repet-26-avril-4-360x270.jpg 360w, https:\/\/choeursdecarcassonne.fr\/wp-content\/uploads\/2025\/08\/repet-26-avril-4.jpg 2048w\" sizes=\"auto, (max-width: 300px) 100vw, 300px\" \/> <img loading=\"lazy\" decoding=\"async\" class=\"alignnone size-medium wp-image-1031\" src=\"http:\/\/choeursdecarcassonne.fr\/wp-content\/uploads\/2025\/08\/repet-26-avril7-300x225.jpg\" alt=\"\" width=\"300\" height=\"225\" srcset=\"https:\/\/choeursdecarcassonne.fr\/wp-content\/uploads\/2025\/08\/repet-26-avril7-300x225.jpg 300w, https:\/\/choeursdecarcassonne.fr\/wp-content\/uploads\/2025\/08\/repet-26-avril7-1024x768.jpg 1024w, https:\/\/choeursdecarcassonne.fr\/wp-content\/uploads\/2025\/08\/repet-26-avril7-768x576.jpg 768w, https:\/\/choeursdecarcassonne.fr\/wp-content\/uploads\/2025\/08\/repet-26-avril7-1536x1152.jpg 1536w, https:\/\/choeursdecarcassonne.fr\/wp-content\/uploads\/2025\/08\/repet-26-avril7-360x270.jpg 360w, https:\/\/choeursdecarcassonne.fr\/wp-content\/uploads\/2025\/08\/repet-26-avril7.jpg 2048w\" sizes=\"auto, (max-width: 300px) 100vw, 300px\" \/> <img loading=\"lazy\" decoding=\"async\" class=\"alignnone size-medium wp-image-1028\" src=\"http:\/\/choeursdecarcassonne.fr\/wp-content\/uploads\/2025\/08\/repet-26-avril-6-225x300.jpg\" alt=\"\" width=\"225\" height=\"300\" srcset=\"https:\/\/choeursdecarcassonne.fr\/wp-content\/uploads\/2025\/08\/repet-26-avril-6-225x300.jpg 225w, https:\/\/choeursdecarcassonne.fr\/wp-content\/uploads\/2025\/08\/repet-26-avril-6-768x1024.jpg 768w, https:\/\/choeursdecarcassonne.fr\/wp-content\/uploads\/2025\/08\/repet-26-avril-6-1152x1536.jpg 1152w, https:\/\/choeursdecarcassonne.fr\/wp-content\/uploads\/2025\/08\/repet-26-avril-6-203x270.jpg 203w, https:\/\/choeursdecarcassonne.fr\/wp-content\/uploads\/2025\/08\/repet-26-avril-6.jpg 1536w\" sizes=\"auto, (max-width: 225px) 100vw, 225px\" \/><\/p>\r\n<p>&nbsp;<\/p>\r\n<p>&nbsp;<\/p>\r\n<p>17 mai (Notre Dame de l&rsquo;Abbaye) avec Cyril et le maestro Claude Cuguill\u00e8re<\/p>\r\n<p><img loading=\"lazy\" decoding=\"async\" class=\"alignnone size-medium wp-image-1035\" src=\"http:\/\/choeursdecarcassonne.fr\/wp-content\/uploads\/2025\/08\/repet-17-mai-Cyril-et-maestro-300x149.jpg\" alt=\"\" width=\"300\" height=\"149\" srcset=\"https:\/\/choeursdecarcassonne.fr\/wp-content\/uploads\/2025\/08\/repet-17-mai-Cyril-et-maestro-300x149.jpg 300w, https:\/\/choeursdecarcassonne.fr\/wp-content\/uploads\/2025\/08\/repet-17-mai-Cyril-et-maestro-768x383.jpg 768w, https:\/\/choeursdecarcassonne.fr\/wp-content\/uploads\/2025\/08\/repet-17-mai-Cyril-et-maestro-542x270.jpg 542w, https:\/\/choeursdecarcassonne.fr\/wp-content\/uploads\/2025\/08\/repet-17-mai-Cyril-et-maestro.jpg 875w\" sizes=\"auto, (max-width: 300px) 100vw, 300px\" \/> <img loading=\"lazy\" decoding=\"async\" class=\"alignnone size-medium wp-image-1036\" src=\"http:\/\/choeursdecarcassonne.fr\/wp-content\/uploads\/2025\/08\/Repet-avec-maestro-17-mai-300x145.jpg\" alt=\"\" width=\"300\" height=\"145\" srcset=\"https:\/\/choeursdecarcassonne.fr\/wp-content\/uploads\/2025\/08\/Repet-avec-maestro-17-mai-300x145.jpg 300w, https:\/\/choeursdecarcassonne.fr\/wp-content\/uploads\/2025\/08\/Repet-avec-maestro-17-mai-768x372.jpg 768w, https:\/\/choeursdecarcassonne.fr\/wp-content\/uploads\/2025\/08\/Repet-avec-maestro-17-mai-558x270.jpg 558w, https:\/\/choeursdecarcassonne.fr\/wp-content\/uploads\/2025\/08\/Repet-avec-maestro-17-mai.jpg 872w\" sizes=\"auto, (max-width: 300px) 100vw, 300px\" \/><\/p>\r\n<p>\u00e0 Toulouse<\/p>\r\n<p><img loading=\"lazy\" decoding=\"async\" class=\"alignnone size-medium wp-image-1039\" src=\"http:\/\/choeursdecarcassonne.fr\/wp-content\/uploads\/2025\/08\/IMG-20250628-WA0024-300x169.jpg\" alt=\"\" width=\"300\" height=\"169\" srcset=\"https:\/\/choeursdecarcassonne.fr\/wp-content\/uploads\/2025\/08\/IMG-20250628-WA0024-300x169.jpg 300w, https:\/\/choeursdecarcassonne.fr\/wp-content\/uploads\/2025\/08\/IMG-20250628-WA0024-1024x577.jpg 1024w, https:\/\/choeursdecarcassonne.fr\/wp-content\/uploads\/2025\/08\/IMG-20250628-WA0024-768x432.jpg 768w, https:\/\/choeursdecarcassonne.fr\/wp-content\/uploads\/2025\/08\/IMG-20250628-WA0024-1536x865.jpg 1536w, https:\/\/choeursdecarcassonne.fr\/wp-content\/uploads\/2025\/08\/IMG-20250628-WA0024-479x270.jpg 479w, https:\/\/choeursdecarcassonne.fr\/wp-content\/uploads\/2025\/08\/IMG-20250628-WA0024.jpg 1600w\" sizes=\"auto, (max-width: 300px) 100vw, 300px\" \/> <img loading=\"lazy\" decoding=\"async\" class=\"alignnone size-medium wp-image-1040\" src=\"http:\/\/choeursdecarcassonne.fr\/wp-content\/uploads\/2025\/08\/IMG-20250628-WA0025-300x122.jpg\" alt=\"\" width=\"300\" height=\"122\" srcset=\"https:\/\/choeursdecarcassonne.fr\/wp-content\/uploads\/2025\/08\/IMG-20250628-WA0025-300x122.jpg 300w, https:\/\/choeursdecarcassonne.fr\/wp-content\/uploads\/2025\/08\/IMG-20250628-WA0025-1024x417.jpg 1024w, https:\/\/choeursdecarcassonne.fr\/wp-content\/uploads\/2025\/08\/IMG-20250628-WA0025-768x312.jpg 768w, https:\/\/choeursdecarcassonne.fr\/wp-content\/uploads\/2025\/08\/IMG-20250628-WA0025-1536x625.jpg 1536w, https:\/\/choeursdecarcassonne.fr\/wp-content\/uploads\/2025\/08\/IMG-20250628-WA0025-604x246.jpg 604w, https:\/\/choeursdecarcassonne.fr\/wp-content\/uploads\/2025\/08\/IMG-20250628-WA0025.jpg 1600w\" sizes=\"auto, (max-width: 300px) 100vw, 300px\" \/><\/p>\r\n<div style=\"width: 640px;\" class=\"wp-video\"><video class=\"wp-video-shortcode\" id=\"video-103-1\" width=\"640\" height=\"362\" preload=\"metadata\" controls=\"controls\"><source type=\"video\/mp4\" src=\"http:\/\/choeursdecarcassonne.fr\/wp-content\/uploads\/2025\/08\/Repet-Toulouse-6-juin-2025.mp4?_=1\" \/><a href=\"http:\/\/choeursdecarcassonne.fr\/wp-content\/uploads\/2025\/08\/Repet-Toulouse-6-juin-2025.mp4\">http:\/\/choeursdecarcassonne.fr\/wp-content\/uploads\/2025\/08\/Repet-Toulouse-6-juin-2025.mp4<\/a><\/video><\/div>\r\n<div style=\"width: 640px;\" class=\"wp-video\"><video class=\"wp-video-shortcode\" id=\"video-103-2\" width=\"640\" height=\"362\" preload=\"metadata\" controls=\"controls\"><source type=\"video\/mp4\" src=\"http:\/\/choeursdecarcassonne.fr\/wp-content\/uploads\/2025\/08\/VID-20250607-WA0040-1.mp4?_=2\" \/><a href=\"http:\/\/choeursdecarcassonne.fr\/wp-content\/uploads\/2025\/08\/VID-20250607-WA0040-1.mp4\">http:\/\/choeursdecarcassonne.fr\/wp-content\/uploads\/2025\/08\/VID-20250607-WA0040-1.mp4<\/a><\/video><\/div>\r\n<p>28 juin\u00a0<\/p>\r\n<div style=\"width: 640px;\" class=\"wp-video\"><video class=\"wp-video-shortcode\" id=\"video-103-3\" width=\"640\" height=\"357\" preload=\"metadata\" controls=\"controls\"><source type=\"video\/mp4\" src=\"http:\/\/choeursdecarcassonne.fr\/wp-content\/uploads\/2025\/08\/VID-20250628-WA0022.mp4?_=3\" \/><a href=\"http:\/\/choeursdecarcassonne.fr\/wp-content\/uploads\/2025\/08\/VID-20250628-WA0022.mp4\">http:\/\/choeursdecarcassonne.fr\/wp-content\/uploads\/2025\/08\/VID-20250628-WA0022.mp4<\/a><\/video><\/div>\r\n<p><img loading=\"lazy\" decoding=\"async\" class=\"alignnone size-medium wp-image-1048\" src=\"http:\/\/choeursdecarcassonne.fr\/wp-content\/uploads\/2025\/08\/IMG-20250628-WA0009-300x225.jpg\" alt=\"\" width=\"300\" height=\"225\" srcset=\"https:\/\/choeursdecarcassonne.fr\/wp-content\/uploads\/2025\/08\/IMG-20250628-WA0009-300x225.jpg 300w, https:\/\/choeursdecarcassonne.fr\/wp-content\/uploads\/2025\/08\/IMG-20250628-WA0009-768x576.jpg 768w, https:\/\/choeursdecarcassonne.fr\/wp-content\/uploads\/2025\/08\/IMG-20250628-WA0009-360x270.jpg 360w, https:\/\/choeursdecarcassonne.fr\/wp-content\/uploads\/2025\/08\/IMG-20250628-WA0009.jpg 800w\" sizes=\"auto, (max-width: 300px) 100vw, 300px\" \/> <img loading=\"lazy\" decoding=\"async\" class=\"alignnone size-medium wp-image-1047\" src=\"http:\/\/choeursdecarcassonne.fr\/wp-content\/uploads\/2025\/08\/IMG-20250628-WA0004-300x225.jpg\" alt=\"\" width=\"300\" height=\"225\" srcset=\"https:\/\/choeursdecarcassonne.fr\/wp-content\/uploads\/2025\/08\/IMG-20250628-WA0004-300x225.jpg 300w, https:\/\/choeursdecarcassonne.fr\/wp-content\/uploads\/2025\/08\/IMG-20250628-WA0004-768x576.jpg 768w, https:\/\/choeursdecarcassonne.fr\/wp-content\/uploads\/2025\/08\/IMG-20250628-WA0004-360x270.jpg 360w, https:\/\/choeursdecarcassonne.fr\/wp-content\/uploads\/2025\/08\/IMG-20250628-WA0004.jpg 800w\" sizes=\"auto, (max-width: 300px) 100vw, 300px\" \/> <img loading=\"lazy\" decoding=\"async\" class=\"alignnone size-medium wp-image-1046\" src=\"http:\/\/choeursdecarcassonne.fr\/wp-content\/uploads\/2025\/08\/IMG-20250628-WA0008-300x225.jpg\" alt=\"\" width=\"300\" height=\"225\" srcset=\"https:\/\/choeursdecarcassonne.fr\/wp-content\/uploads\/2025\/08\/IMG-20250628-WA0008-300x225.jpg 300w, https:\/\/choeursdecarcassonne.fr\/wp-content\/uploads\/2025\/08\/IMG-20250628-WA0008-768x576.jpg 768w, https:\/\/choeursdecarcassonne.fr\/wp-content\/uploads\/2025\/08\/IMG-20250628-WA0008-360x270.jpg 360w, https:\/\/choeursdecarcassonne.fr\/wp-content\/uploads\/2025\/08\/IMG-20250628-WA0008.jpg 800w\" sizes=\"auto, (max-width: 300px) 100vw, 300px\" \/> <img loading=\"lazy\" decoding=\"async\" class=\"alignnone size-medium wp-image-1049\" src=\"http:\/\/choeursdecarcassonne.fr\/wp-content\/uploads\/2025\/08\/IMG-20250628-WA0007-300x225.jpg\" alt=\"\" width=\"300\" height=\"225\" srcset=\"https:\/\/choeursdecarcassonne.fr\/wp-content\/uploads\/2025\/08\/IMG-20250628-WA0007-300x225.jpg 300w, https:\/\/choeursdecarcassonne.fr\/wp-content\/uploads\/2025\/08\/IMG-20250628-WA0007-768x576.jpg 768w, https:\/\/choeursdecarcassonne.fr\/wp-content\/uploads\/2025\/08\/IMG-20250628-WA0007-360x270.jpg 360w, https:\/\/choeursdecarcassonne.fr\/wp-content\/uploads\/2025\/08\/IMG-20250628-WA0007.jpg 800w\" sizes=\"auto, (max-width: 300px) 100vw, 300px\" \/> <img loading=\"lazy\" decoding=\"async\" class=\"alignnone size-medium wp-image-1050\" src=\"http:\/\/choeursdecarcassonne.fr\/wp-content\/uploads\/2025\/08\/IMG-20250628-WA0020-300x93.jpg\" alt=\"\" width=\"300\" height=\"93\" srcset=\"https:\/\/choeursdecarcassonne.fr\/wp-content\/uploads\/2025\/08\/IMG-20250628-WA0020-300x93.jpg 300w, https:\/\/choeursdecarcassonne.fr\/wp-content\/uploads\/2025\/08\/IMG-20250628-WA0020-1024x317.jpg 1024w, https:\/\/choeursdecarcassonne.fr\/wp-content\/uploads\/2025\/08\/IMG-20250628-WA0020-768x238.jpg 768w, https:\/\/choeursdecarcassonne.fr\/wp-content\/uploads\/2025\/08\/IMG-20250628-WA0020-1536x475.jpg 1536w, https:\/\/choeursdecarcassonne.fr\/wp-content\/uploads\/2025\/08\/IMG-20250628-WA0020-604x187.jpg 604w, https:\/\/choeursdecarcassonne.fr\/wp-content\/uploads\/2025\/08\/IMG-20250628-WA0020.jpg 1599w\" sizes=\"auto, (max-width: 300px) 100vw, 300px\" \/> <img loading=\"lazy\" decoding=\"async\" class=\"alignnone size-medium wp-image-1051\" src=\"http:\/\/choeursdecarcassonne.fr\/wp-content\/uploads\/2025\/08\/IMG-20250628-WA0018-300x144.jpg\" alt=\"\" width=\"300\" height=\"144\" srcset=\"https:\/\/choeursdecarcassonne.fr\/wp-content\/uploads\/2025\/08\/IMG-20250628-WA0018-300x144.jpg 300w, https:\/\/choeursdecarcassonne.fr\/wp-content\/uploads\/2025\/08\/IMG-20250628-WA0018-1024x492.jpg 1024w, https:\/\/choeursdecarcassonne.fr\/wp-content\/uploads\/2025\/08\/IMG-20250628-WA0018-768x369.jpg 768w, https:\/\/choeursdecarcassonne.fr\/wp-content\/uploads\/2025\/08\/IMG-20250628-WA0018-1536x737.jpg 1536w, https:\/\/choeursdecarcassonne.fr\/wp-content\/uploads\/2025\/08\/IMG-20250628-WA0018-563x270.jpg 563w, https:\/\/choeursdecarcassonne.fr\/wp-content\/uploads\/2025\/08\/IMG-20250628-WA0018.jpg 1600w\" sizes=\"auto, (max-width: 300px) 100vw, 300px\" \/><\/p>\r\n<p>Musicale Toulouse 3 juillet<\/p>\r\n<p><img loading=\"lazy\" decoding=\"async\" class=\"alignnone size-medium wp-image-1054\" src=\"http:\/\/choeursdecarcassonne.fr\/wp-content\/uploads\/2025\/08\/IMG-20250704-WA0003-300x225.jpg\" alt=\"\" width=\"300\" height=\"225\" srcset=\"https:\/\/choeursdecarcassonne.fr\/wp-content\/uploads\/2025\/08\/IMG-20250704-WA0003-300x225.jpg 300w, https:\/\/choeursdecarcassonne.fr\/wp-content\/uploads\/2025\/08\/IMG-20250704-WA0003-768x576.jpg 768w, https:\/\/choeursdecarcassonne.fr\/wp-content\/uploads\/2025\/08\/IMG-20250704-WA0003-360x270.jpg 360w, https:\/\/choeursdecarcassonne.fr\/wp-content\/uploads\/2025\/08\/IMG-20250704-WA0003.jpg 800w\" sizes=\"auto, (max-width: 300px) 100vw, 300px\" \/> <img loading=\"lazy\" decoding=\"async\" class=\"alignnone size-medium wp-image-1055\" src=\"http:\/\/choeursdecarcassonne.fr\/wp-content\/uploads\/2025\/08\/IMG-20250704-WA0004-300x225.jpg\" alt=\"\" width=\"300\" height=\"225\" srcset=\"https:\/\/choeursdecarcassonne.fr\/wp-content\/uploads\/2025\/08\/IMG-20250704-WA0004-300x225.jpg 300w, https:\/\/choeursdecarcassonne.fr\/wp-content\/uploads\/2025\/08\/IMG-20250704-WA0004-768x576.jpg 768w, https:\/\/choeursdecarcassonne.fr\/wp-content\/uploads\/2025\/08\/IMG-20250704-WA0004-360x270.jpg 360w, https:\/\/choeursdecarcassonne.fr\/wp-content\/uploads\/2025\/08\/IMG-20250704-WA0004.jpg 800w\" sizes=\"auto, (max-width: 300px) 100vw, 300px\" \/> <img loading=\"lazy\" decoding=\"async\" class=\"alignnone size-medium wp-image-1056\" src=\"http:\/\/choeursdecarcassonne.fr\/wp-content\/uploads\/2025\/08\/IMG-20250704-WA0007-300x182.jpg\" alt=\"\" width=\"300\" height=\"182\" srcset=\"https:\/\/choeursdecarcassonne.fr\/wp-content\/uploads\/2025\/08\/IMG-20250704-WA0007-300x182.jpg 300w, https:\/\/choeursdecarcassonne.fr\/wp-content\/uploads\/2025\/08\/IMG-20250704-WA0007-1024x623.jpg 1024w, https:\/\/choeursdecarcassonne.fr\/wp-content\/uploads\/2025\/08\/IMG-20250704-WA0007-768x467.jpg 768w, https:\/\/choeursdecarcassonne.fr\/wp-content\/uploads\/2025\/08\/IMG-20250704-WA0007-1536x934.jpg 1536w, https:\/\/choeursdecarcassonne.fr\/wp-content\/uploads\/2025\/08\/IMG-20250704-WA0007-444x270.jpg 444w, https:\/\/choeursdecarcassonne.fr\/wp-content\/uploads\/2025\/08\/IMG-20250704-WA0007.jpg 1600w\" sizes=\"auto, (max-width: 300px) 100vw, 300px\" \/><\/p>\r\n<div style=\"width: 480px;\" class=\"wp-video\"><video class=\"wp-video-shortcode\" id=\"video-103-4\" width=\"480\" height=\"864\" preload=\"metadata\" controls=\"controls\"><source type=\"video\/mp4\" src=\"http:\/\/choeursdecarcassonne.fr\/wp-content\/uploads\/2025\/08\/VID-20250704-WA0001.mp4?_=4\" \/><a href=\"http:\/\/choeursdecarcassonne.fr\/wp-content\/uploads\/2025\/08\/VID-20250704-WA0001.mp4\">http:\/\/choeursdecarcassonne.fr\/wp-content\/uploads\/2025\/08\/VID-20250704-WA0001.mp4<\/a><\/video><\/div>\r\n<div style=\"width: 464px;\" class=\"wp-video\"><video class=\"wp-video-shortcode\" id=\"video-103-5\" width=\"464\" height=\"832\" preload=\"metadata\" controls=\"controls\"><source type=\"video\/mp4\" src=\"http:\/\/choeursdecarcassonne.fr\/wp-content\/uploads\/2025\/08\/VID-20250704-WA0009.mp4?_=5\" \/><a href=\"http:\/\/choeursdecarcassonne.fr\/wp-content\/uploads\/2025\/08\/VID-20250704-WA0009.mp4\">http:\/\/choeursdecarcassonne.fr\/wp-content\/uploads\/2025\/08\/VID-20250704-WA0009.mp4<\/a><\/video><\/div>\r\n<p>Violetta accompagn\u00e9e par la clarinette de Jean-Marc<\/p>\r\n<p>&nbsp;<\/p>\r\n<p>&nbsp;<\/p>\r\n<p>Mise en sc\u00e8ne D\u00f4me 4 juillet<\/p>\r\n<p><img loading=\"lazy\" decoding=\"async\" class=\"alignnone size-medium wp-image-1062\" src=\"http:\/\/choeursdecarcassonne.fr\/wp-content\/uploads\/2025\/08\/IMG-20250705-WA0003-300x171.jpg\" alt=\"\" width=\"300\" height=\"171\" srcset=\"https:\/\/choeursdecarcassonne.fr\/wp-content\/uploads\/2025\/08\/IMG-20250705-WA0003-300x171.jpg 300w, https:\/\/choeursdecarcassonne.fr\/wp-content\/uploads\/2025\/08\/IMG-20250705-WA0003-1024x584.jpg 1024w, https:\/\/choeursdecarcassonne.fr\/wp-content\/uploads\/2025\/08\/IMG-20250705-WA0003-768x438.jpg 768w, https:\/\/choeursdecarcassonne.fr\/wp-content\/uploads\/2025\/08\/IMG-20250705-WA0003-1536x876.jpg 1536w, https:\/\/choeursdecarcassonne.fr\/wp-content\/uploads\/2025\/08\/IMG-20250705-WA0003-474x270.jpg 474w, https:\/\/choeursdecarcassonne.fr\/wp-content\/uploads\/2025\/08\/IMG-20250705-WA0003.jpg 1600w\" sizes=\"auto, (max-width: 300px) 100vw, 300px\" \/> <img loading=\"lazy\" decoding=\"async\" class=\"alignnone size-medium wp-image-1063\" src=\"http:\/\/choeursdecarcassonne.fr\/wp-content\/uploads\/2025\/08\/IMG-20250705-WA0004-300x73.jpg\" alt=\"\" width=\"300\" height=\"73\" srcset=\"https:\/\/choeursdecarcassonne.fr\/wp-content\/uploads\/2025\/08\/IMG-20250705-WA0004-300x73.jpg 300w, https:\/\/choeursdecarcassonne.fr\/wp-content\/uploads\/2025\/08\/IMG-20250705-WA0004-1024x248.jpg 1024w, https:\/\/choeursdecarcassonne.fr\/wp-content\/uploads\/2025\/08\/IMG-20250705-WA0004-768x186.jpg 768w, https:\/\/choeursdecarcassonne.fr\/wp-content\/uploads\/2025\/08\/IMG-20250705-WA0004-1536x372.jpg 1536w, https:\/\/choeursdecarcassonne.fr\/wp-content\/uploads\/2025\/08\/IMG-20250705-WA0004-604x146.jpg 604w, https:\/\/choeursdecarcassonne.fr\/wp-content\/uploads\/2025\/08\/IMG-20250705-WA0004.jpg 1600w\" sizes=\"auto, (max-width: 300px) 100vw, 300px\" \/> <img loading=\"lazy\" decoding=\"async\" class=\"alignnone size-medium wp-image-1065\" src=\"http:\/\/choeursdecarcassonne.fr\/wp-content\/uploads\/2025\/08\/IMG-20250705-WA0007-300x133.jpg\" alt=\"\" width=\"300\" height=\"133\" srcset=\"https:\/\/choeursdecarcassonne.fr\/wp-content\/uploads\/2025\/08\/IMG-20250705-WA0007-300x133.jpg 300w, https:\/\/choeursdecarcassonne.fr\/wp-content\/uploads\/2025\/08\/IMG-20250705-WA0007-1024x455.jpg 1024w, https:\/\/choeursdecarcassonne.fr\/wp-content\/uploads\/2025\/08\/IMG-20250705-WA0007-768x341.jpg 768w, https:\/\/choeursdecarcassonne.fr\/wp-content\/uploads\/2025\/08\/IMG-20250705-WA0007-1536x683.jpg 1536w, https:\/\/choeursdecarcassonne.fr\/wp-content\/uploads\/2025\/08\/IMG-20250705-WA0007-604x268.jpg 604w, https:\/\/choeursdecarcassonne.fr\/wp-content\/uploads\/2025\/08\/IMG-20250705-WA0007.jpg 1600w\" sizes=\"auto, (max-width: 300px) 100vw, 300px\" \/><\/p>\r\n<div style=\"width: 640px;\" class=\"wp-video\"><video class=\"wp-video-shortcode\" id=\"video-103-6\" width=\"640\" height=\"364\" preload=\"metadata\" controls=\"controls\"><source type=\"video\/mp4\" src=\"http:\/\/choeursdecarcassonne.fr\/wp-content\/uploads\/2025\/08\/VID-20250704-WA0018.mp4?_=6\" \/><a href=\"http:\/\/choeursdecarcassonne.fr\/wp-content\/uploads\/2025\/08\/VID-20250704-WA0018.mp4\">http:\/\/choeursdecarcassonne.fr\/wp-content\/uploads\/2025\/08\/VID-20250704-WA0018.mp4<\/a><\/video><\/div>\r\n<div style=\"width: 640px;\" class=\"wp-video\"><video class=\"wp-video-shortcode\" id=\"video-103-7\" width=\"640\" height=\"364\" preload=\"metadata\" controls=\"controls\"><source type=\"video\/mp4\" src=\"http:\/\/choeursdecarcassonne.fr\/wp-content\/uploads\/2025\/08\/VID-20250704-WA0019.mp4?_=7\" \/><a href=\"http:\/\/choeursdecarcassonne.fr\/wp-content\/uploads\/2025\/08\/VID-20250704-WA0019.mp4\">http:\/\/choeursdecarcassonne.fr\/wp-content\/uploads\/2025\/08\/VID-20250704-WA0019.mp4<\/a><\/video><\/div>\r\n<p>&nbsp;<\/p>\r\n<p>&nbsp;<\/p>\r\n<p>G\u00e9n\u00e9rale samedi 5 juillet<\/p>\r\n<p><img loading=\"lazy\" decoding=\"async\" class=\"alignnone  wp-image-1072\" src=\"http:\/\/choeursdecarcassonne.fr\/wp-content\/uploads\/2025\/08\/P2180506-300x169.jpg\" alt=\"\" width=\"289\" height=\"163\" srcset=\"https:\/\/choeursdecarcassonne.fr\/wp-content\/uploads\/2025\/08\/P2180506-300x169.jpg 300w, https:\/\/choeursdecarcassonne.fr\/wp-content\/uploads\/2025\/08\/P2180506-1024x576.jpg 1024w, https:\/\/choeursdecarcassonne.fr\/wp-content\/uploads\/2025\/08\/P2180506-768x432.jpg 768w, https:\/\/choeursdecarcassonne.fr\/wp-content\/uploads\/2025\/08\/P2180506-1536x864.jpg 1536w, https:\/\/choeursdecarcassonne.fr\/wp-content\/uploads\/2025\/08\/P2180506-2048x1152.jpg 2048w, https:\/\/choeursdecarcassonne.fr\/wp-content\/uploads\/2025\/08\/P2180506-480x270.jpg 480w\" sizes=\"auto, (max-width: 289px) 100vw, 289px\" \/> <img loading=\"lazy\" decoding=\"async\" class=\"alignnone size-medium wp-image-1073\" src=\"http:\/\/choeursdecarcassonne.fr\/wp-content\/uploads\/2025\/08\/P2180497-300x225.jpg\" alt=\"\" width=\"300\" height=\"225\" srcset=\"https:\/\/choeursdecarcassonne.fr\/wp-content\/uploads\/2025\/08\/P2180497-300x225.jpg 300w, https:\/\/choeursdecarcassonne.fr\/wp-content\/uploads\/2025\/08\/P2180497-1024x768.jpg 1024w, https:\/\/choeursdecarcassonne.fr\/wp-content\/uploads\/2025\/08\/P2180497-768x576.jpg 768w, https:\/\/choeursdecarcassonne.fr\/wp-content\/uploads\/2025\/08\/P2180497-1536x1152.jpg 1536w, https:\/\/choeursdecarcassonne.fr\/wp-content\/uploads\/2025\/08\/P2180497-2048x1536.jpg 2048w, https:\/\/choeursdecarcassonne.fr\/wp-content\/uploads\/2025\/08\/P2180497-360x270.jpg 360w\" sizes=\"auto, (max-width: 300px) 100vw, 300px\" \/> <img loading=\"lazy\" decoding=\"async\" class=\"alignnone size-medium wp-image-1074\" src=\"http:\/\/choeursdecarcassonne.fr\/wp-content\/uploads\/2025\/08\/P2180599-300x225.jpg\" alt=\"\" width=\"300\" height=\"225\" srcset=\"https:\/\/choeursdecarcassonne.fr\/wp-content\/uploads\/2025\/08\/P2180599-300x225.jpg 300w, https:\/\/choeursdecarcassonne.fr\/wp-content\/uploads\/2025\/08\/P2180599-1024x768.jpg 1024w, https:\/\/choeursdecarcassonne.fr\/wp-content\/uploads\/2025\/08\/P2180599-768x576.jpg 768w, https:\/\/choeursdecarcassonne.fr\/wp-content\/uploads\/2025\/08\/P2180599-1536x1152.jpg 1536w, https:\/\/choeursdecarcassonne.fr\/wp-content\/uploads\/2025\/08\/P2180599-2048x1536.jpg 2048w, https:\/\/choeursdecarcassonne.fr\/wp-content\/uploads\/2025\/08\/P2180599-360x270.jpg 360w\" sizes=\"auto, (max-width: 300px) 100vw, 300px\" \/> <img loading=\"lazy\" decoding=\"async\" class=\"alignnone size-medium wp-image-1076\" src=\"http:\/\/choeursdecarcassonne.fr\/wp-content\/uploads\/2025\/08\/P2180602-300x225.jpg\" alt=\"\" width=\"300\" height=\"225\" srcset=\"https:\/\/choeursdecarcassonne.fr\/wp-content\/uploads\/2025\/08\/P2180602-300x225.jpg 300w, https:\/\/choeursdecarcassonne.fr\/wp-content\/uploads\/2025\/08\/P2180602-1024x768.jpg 1024w, https:\/\/choeursdecarcassonne.fr\/wp-content\/uploads\/2025\/08\/P2180602-768x576.jpg 768w, https:\/\/choeursdecarcassonne.fr\/wp-content\/uploads\/2025\/08\/P2180602-1536x1152.jpg 1536w, https:\/\/choeursdecarcassonne.fr\/wp-content\/uploads\/2025\/08\/P2180602-2048x1536.jpg 2048w, https:\/\/choeursdecarcassonne.fr\/wp-content\/uploads\/2025\/08\/P2180602-360x270.jpg 360w\" sizes=\"auto, (max-width: 300px) 100vw, 300px\" \/> <img loading=\"lazy\" decoding=\"async\" class=\"alignnone size-medium wp-image-1077\" src=\"http:\/\/choeursdecarcassonne.fr\/wp-content\/uploads\/2025\/08\/P2180604-300x225.jpg\" alt=\"\" width=\"300\" height=\"225\" srcset=\"https:\/\/choeursdecarcassonne.fr\/wp-content\/uploads\/2025\/08\/P2180604-300x225.jpg 300w, https:\/\/choeursdecarcassonne.fr\/wp-content\/uploads\/2025\/08\/P2180604-1024x768.jpg 1024w, https:\/\/choeursdecarcassonne.fr\/wp-content\/uploads\/2025\/08\/P2180604-768x576.jpg 768w, https:\/\/choeursdecarcassonne.fr\/wp-content\/uploads\/2025\/08\/P2180604-1536x1152.jpg 1536w, https:\/\/choeursdecarcassonne.fr\/wp-content\/uploads\/2025\/08\/P2180604-2048x1536.jpg 2048w, https:\/\/choeursdecarcassonne.fr\/wp-content\/uploads\/2025\/08\/P2180604-360x270.jpg 360w\" sizes=\"auto, (max-width: 300px) 100vw, 300px\" \/> <img loading=\"lazy\" decoding=\"async\" class=\"alignnone size-medium wp-image-1078\" src=\"http:\/\/choeursdecarcassonne.fr\/wp-content\/uploads\/2025\/08\/P2180596-300x225.jpg\" alt=\"\" width=\"300\" height=\"225\" srcset=\"https:\/\/choeursdecarcassonne.fr\/wp-content\/uploads\/2025\/08\/P2180596-300x225.jpg 300w, https:\/\/choeursdecarcassonne.fr\/wp-content\/uploads\/2025\/08\/P2180596-1024x768.jpg 1024w, https:\/\/choeursdecarcassonne.fr\/wp-content\/uploads\/2025\/08\/P2180596-768x576.jpg 768w, https:\/\/choeursdecarcassonne.fr\/wp-content\/uploads\/2025\/08\/P2180596-1536x1152.jpg 1536w, https:\/\/choeursdecarcassonne.fr\/wp-content\/uploads\/2025\/08\/P2180596-2048x1536.jpg 2048w, https:\/\/choeursdecarcassonne.fr\/wp-content\/uploads\/2025\/08\/P2180596-360x270.jpg 360w\" sizes=\"auto, (max-width: 300px) 100vw, 300px\" \/><\/p>\r\n<p><img loading=\"lazy\" decoding=\"async\" class=\"alignnone size-medium wp-image-1079\" src=\"http:\/\/choeursdecarcassonne.fr\/wp-content\/uploads\/2025\/08\/IMG-20250706-WA0049-300x225.jpg\" alt=\"\" width=\"300\" height=\"225\" srcset=\"https:\/\/choeursdecarcassonne.fr\/wp-content\/uploads\/2025\/08\/IMG-20250706-WA0049-300x225.jpg 300w, https:\/\/choeursdecarcassonne.fr\/wp-content\/uploads\/2025\/08\/IMG-20250706-WA0049-768x576.jpg 768w, https:\/\/choeursdecarcassonne.fr\/wp-content\/uploads\/2025\/08\/IMG-20250706-WA0049-360x270.jpg 360w, https:\/\/choeursdecarcassonne.fr\/wp-content\/uploads\/2025\/08\/IMG-20250706-WA0049.jpg 800w\" sizes=\"auto, (max-width: 300px) 100vw, 300px\" \/> <img loading=\"lazy\" decoding=\"async\" class=\"alignnone size-medium wp-image-1081\" src=\"http:\/\/choeursdecarcassonne.fr\/wp-content\/uploads\/2025\/08\/IMG-20250707-WA0024-225x300.jpg\" alt=\"\" width=\"225\" height=\"300\" srcset=\"https:\/\/choeursdecarcassonne.fr\/wp-content\/uploads\/2025\/08\/IMG-20250707-WA0024-225x300.jpg 225w, https:\/\/choeursdecarcassonne.fr\/wp-content\/uploads\/2025\/08\/IMG-20250707-WA0024-203x270.jpg 203w, https:\/\/choeursdecarcassonne.fr\/wp-content\/uploads\/2025\/08\/IMG-20250707-WA0024.jpg 600w\" sizes=\"auto, (max-width: 225px) 100vw, 225px\" \/> <img loading=\"lazy\" decoding=\"async\" class=\"alignnone size-medium wp-image-1082\" src=\"http:\/\/choeursdecarcassonne.fr\/wp-content\/uploads\/2025\/08\/IMG-20250719-WA0087-300x135.jpg\" alt=\"\" width=\"300\" height=\"135\" srcset=\"https:\/\/choeursdecarcassonne.fr\/wp-content\/uploads\/2025\/08\/IMG-20250719-WA0087-300x135.jpg 300w, https:\/\/choeursdecarcassonne.fr\/wp-content\/uploads\/2025\/08\/IMG-20250719-WA0087-1024x461.jpg 1024w, https:\/\/choeursdecarcassonne.fr\/wp-content\/uploads\/2025\/08\/IMG-20250719-WA0087-768x346.jpg 768w, https:\/\/choeursdecarcassonne.fr\/wp-content\/uploads\/2025\/08\/IMG-20250719-WA0087-1536x692.jpg 1536w, https:\/\/choeursdecarcassonne.fr\/wp-content\/uploads\/2025\/08\/IMG-20250719-WA0087-599x270.jpg 599w, https:\/\/choeursdecarcassonne.fr\/wp-content\/uploads\/2025\/08\/IMG-20250719-WA0087.jpg 1600w\" sizes=\"auto, (max-width: 300px) 100vw, 300px\" \/><\/p>\r\n<p>&nbsp;<\/p>\r\n<p>Spectacle dimanche 6 juillet<\/p>\r\n<p><img loading=\"lazy\" decoding=\"async\" class=\"alignnone size-medium wp-image-1084\" src=\"http:\/\/choeursdecarcassonne.fr\/wp-content\/uploads\/2025\/08\/20250706_212938-300x135.jpg\" alt=\"\" width=\"300\" height=\"135\" srcset=\"https:\/\/choeursdecarcassonne.fr\/wp-content\/uploads\/2025\/08\/20250706_212938-300x135.jpg 300w, https:\/\/choeursdecarcassonne.fr\/wp-content\/uploads\/2025\/08\/20250706_212938-1024x461.jpg 1024w, https:\/\/choeursdecarcassonne.fr\/wp-content\/uploads\/2025\/08\/20250706_212938-768x346.jpg 768w, https:\/\/choeursdecarcassonne.fr\/wp-content\/uploads\/2025\/08\/20250706_212938-1536x692.jpg 1536w, https:\/\/choeursdecarcassonne.fr\/wp-content\/uploads\/2025\/08\/20250706_212938-2048x922.jpg 2048w, https:\/\/choeursdecarcassonne.fr\/wp-content\/uploads\/2025\/08\/20250706_212938-599x270.jpg 599w\" sizes=\"auto, (max-width: 300px) 100vw, 300px\" \/> <img loading=\"lazy\" decoding=\"async\" class=\"alignnone size-medium wp-image-1085\" src=\"http:\/\/choeursdecarcassonne.fr\/wp-content\/uploads\/2025\/08\/20250706_212828-300x142.jpg\" alt=\"\" width=\"300\" height=\"142\" srcset=\"https:\/\/choeursdecarcassonne.fr\/wp-content\/uploads\/2025\/08\/20250706_212828-300x142.jpg 300w, https:\/\/choeursdecarcassonne.fr\/wp-content\/uploads\/2025\/08\/20250706_212828-1024x485.jpg 1024w, https:\/\/choeursdecarcassonne.fr\/wp-content\/uploads\/2025\/08\/20250706_212828-768x363.jpg 768w, https:\/\/choeursdecarcassonne.fr\/wp-content\/uploads\/2025\/08\/20250706_212828-1536x727.jpg 1536w, https:\/\/choeursdecarcassonne.fr\/wp-content\/uploads\/2025\/08\/20250706_212828-2048x969.jpg 2048w, https:\/\/choeursdecarcassonne.fr\/wp-content\/uploads\/2025\/08\/20250706_212828-571x270.jpg 571w\" sizes=\"auto, (max-width: 300px) 100vw, 300px\" \/> <img loading=\"lazy\" decoding=\"async\" class=\"alignnone size-medium wp-image-1086\" src=\"http:\/\/choeursdecarcassonne.fr\/wp-content\/uploads\/2025\/08\/20250706_234229-300x135.jpg\" alt=\"\" width=\"300\" height=\"135\" srcset=\"https:\/\/choeursdecarcassonne.fr\/wp-content\/uploads\/2025\/08\/20250706_234229-300x135.jpg 300w, https:\/\/choeursdecarcassonne.fr\/wp-content\/uploads\/2025\/08\/20250706_234229-1024x461.jpg 1024w, https:\/\/choeursdecarcassonne.fr\/wp-content\/uploads\/2025\/08\/20250706_234229-768x346.jpg 768w, https:\/\/choeursdecarcassonne.fr\/wp-content\/uploads\/2025\/08\/20250706_234229-1536x692.jpg 1536w, https:\/\/choeursdecarcassonne.fr\/wp-content\/uploads\/2025\/08\/20250706_234229-2048x922.jpg 2048w, https:\/\/choeursdecarcassonne.fr\/wp-content\/uploads\/2025\/08\/20250706_234229-599x270.jpg 599w\" sizes=\"auto, (max-width: 300px) 100vw, 300px\" \/><\/p>\r\n<div style=\"width: 640px;\" class=\"wp-video\"><video class=\"wp-video-shortcode\" id=\"video-103-8\" width=\"640\" height=\"288\" preload=\"metadata\" controls=\"controls\"><source type=\"video\/mp4\" src=\"http:\/\/choeursdecarcassonne.fr\/wp-content\/uploads\/2025\/08\/20250706_215356.mp4?_=8\" \/><a href=\"http:\/\/choeursdecarcassonne.fr\/wp-content\/uploads\/2025\/08\/20250706_215356.mp4\">http:\/\/choeursdecarcassonne.fr\/wp-content\/uploads\/2025\/08\/20250706_215356.mp4<\/a><\/video><\/div>\r\n<div style=\"width: 640px;\" class=\"wp-video\"><video class=\"wp-video-shortcode\" id=\"video-103-9\" width=\"640\" height=\"362\" preload=\"metadata\" controls=\"controls\"><source type=\"video\/mp4\" src=\"http:\/\/choeursdecarcassonne.fr\/wp-content\/uploads\/2025\/08\/VID-20250721-WA0001-zing.mp4?_=9\" \/><a href=\"http:\/\/choeursdecarcassonne.fr\/wp-content\/uploads\/2025\/08\/VID-20250721-WA0001-zing.mp4\">http:\/\/choeursdecarcassonne.fr\/wp-content\/uploads\/2025\/08\/VID-20250721-WA0001-zing.mp4<\/a><\/video><\/div>\r\n<p>&nbsp;<\/p>\r\n<p>Retrouvailles le mardi suivant \u00e0 la salle de r\u00e9p\u00e9tition<\/p>\r\n<p><img loading=\"lazy\" decoding=\"async\" class=\"alignnone size-medium wp-image-1101\" src=\"http:\/\/choeursdecarcassonne.fr\/wp-content\/uploads\/2025\/08\/IMG-20250708-WA0026-300x134.jpg\" alt=\"\" width=\"300\" height=\"134\" srcset=\"https:\/\/choeursdecarcassonne.fr\/wp-content\/uploads\/2025\/08\/IMG-20250708-WA0026-300x134.jpg 300w, https:\/\/choeursdecarcassonne.fr\/wp-content\/uploads\/2025\/08\/IMG-20250708-WA0026-1024x458.jpg 1024w, https:\/\/choeursdecarcassonne.fr\/wp-content\/uploads\/2025\/08\/IMG-20250708-WA0026-768x343.jpg 768w, https:\/\/choeursdecarcassonne.fr\/wp-content\/uploads\/2025\/08\/IMG-20250708-WA0026-1536x686.jpg 1536w, https:\/\/choeursdecarcassonne.fr\/wp-content\/uploads\/2025\/08\/IMG-20250708-WA0026-604x270.jpg 604w, https:\/\/choeursdecarcassonne.fr\/wp-content\/uploads\/2025\/08\/IMG-20250708-WA0026.jpg 1600w\" sizes=\"auto, (max-width: 300px) 100vw, 300px\" \/> <img loading=\"lazy\" decoding=\"async\" class=\"alignnone size-medium wp-image-1102\" src=\"http:\/\/choeursdecarcassonne.fr\/wp-content\/uploads\/2025\/08\/IMG-20250708-WA0028-300x225.jpg\" alt=\"\" width=\"300\" height=\"225\" srcset=\"https:\/\/choeursdecarcassonne.fr\/wp-content\/uploads\/2025\/08\/IMG-20250708-WA0028-300x225.jpg 300w, https:\/\/choeursdecarcassonne.fr\/wp-content\/uploads\/2025\/08\/IMG-20250708-WA0028-768x576.jpg 768w, https:\/\/choeursdecarcassonne.fr\/wp-content\/uploads\/2025\/08\/IMG-20250708-WA0028-360x270.jpg 360w, https:\/\/choeursdecarcassonne.fr\/wp-content\/uploads\/2025\/08\/IMG-20250708-WA0028.jpg 800w\" sizes=\"auto, (max-width: 300px) 100vw, 300px\" \/> <img loading=\"lazy\" decoding=\"async\" class=\"alignnone size-medium wp-image-1103\" src=\"http:\/\/choeursdecarcassonne.fr\/wp-content\/uploads\/2025\/08\/IMG-20250708-WA0029-300x225.jpg\" alt=\"\" width=\"300\" height=\"225\" srcset=\"https:\/\/choeursdecarcassonne.fr\/wp-content\/uploads\/2025\/08\/IMG-20250708-WA0029-300x225.jpg 300w, https:\/\/choeursdecarcassonne.fr\/wp-content\/uploads\/2025\/08\/IMG-20250708-WA0029-768x576.jpg 768w, https:\/\/choeursdecarcassonne.fr\/wp-content\/uploads\/2025\/08\/IMG-20250708-WA0029-360x270.jpg 360w, https:\/\/choeursdecarcassonne.fr\/wp-content\/uploads\/2025\/08\/IMG-20250708-WA0029.jpg 800w\" sizes=\"auto, (max-width: 300px) 100vw, 300px\" \/> <img loading=\"lazy\" decoding=\"async\" class=\"alignnone size-medium wp-image-1104\" src=\"http:\/\/choeursdecarcassonne.fr\/wp-content\/uploads\/2025\/08\/IMG-20250708-WA0030-225x300.jpg\" alt=\"\" width=\"225\" height=\"300\" srcset=\"https:\/\/choeursdecarcassonne.fr\/wp-content\/uploads\/2025\/08\/IMG-20250708-WA0030-225x300.jpg 225w, https:\/\/choeursdecarcassonne.fr\/wp-content\/uploads\/2025\/08\/IMG-20250708-WA0030-203x270.jpg 203w, https:\/\/choeursdecarcassonne.fr\/wp-content\/uploads\/2025\/08\/IMG-20250708-WA0030.jpg 600w\" sizes=\"auto, (max-width: 225px) 100vw, 225px\" \/> <img loading=\"lazy\" decoding=\"async\" class=\"alignnone size-medium wp-image-1105\" src=\"http:\/\/choeursdecarcassonne.fr\/wp-content\/uploads\/2025\/08\/IMG-20250708-WA0031-300x225.jpg\" alt=\"\" width=\"300\" height=\"225\" srcset=\"https:\/\/choeursdecarcassonne.fr\/wp-content\/uploads\/2025\/08\/IMG-20250708-WA0031-300x225.jpg 300w, https:\/\/choeursdecarcassonne.fr\/wp-content\/uploads\/2025\/08\/IMG-20250708-WA0031-768x576.jpg 768w, https:\/\/choeursdecarcassonne.fr\/wp-content\/uploads\/2025\/08\/IMG-20250708-WA0031-360x270.jpg 360w, https:\/\/choeursdecarcassonne.fr\/wp-content\/uploads\/2025\/08\/IMG-20250708-WA0031.jpg 800w\" sizes=\"auto, (max-width: 300px) 100vw, 300px\" \/><\/p>\r\n<div style=\"width: 464px;\" class=\"wp-video\"><video class=\"wp-video-shortcode\" id=\"video-103-10\" width=\"464\" height=\"832\" preload=\"metadata\" controls=\"controls\"><source type=\"video\/mp4\" src=\"http:\/\/choeursdecarcassonne.fr\/wp-content\/uploads\/2025\/08\/VID-20250708-WA0033-1.mp4?_=10\" \/><a href=\"http:\/\/choeursdecarcassonne.fr\/wp-content\/uploads\/2025\/08\/VID-20250708-WA0033-1.mp4\">http:\/\/choeursdecarcassonne.fr\/wp-content\/uploads\/2025\/08\/VID-20250708-WA0033-1.mp4<\/a><\/video><\/div>\r\n<div style=\"width: 464px;\" class=\"wp-video\"><video class=\"wp-video-shortcode\" id=\"video-103-11\" width=\"464\" height=\"832\" preload=\"metadata\" controls=\"controls\"><source type=\"video\/mp4\" src=\"http:\/\/choeursdecarcassonne.fr\/wp-content\/uploads\/2025\/08\/VID-20250708-WA0033.mp4?_=11\" \/><a href=\"http:\/\/choeursdecarcassonne.fr\/wp-content\/uploads\/2025\/08\/VID-20250708-WA0033.mp4\">http:\/\/choeursdecarcassonne.fr\/wp-content\/uploads\/2025\/08\/VID-20250708-WA0033.mp4<\/a><\/video><\/div>\r\n<p>Discours de Jean-Marc<\/p>\r\n<p>PRESSES TRAVIATA<\/p>\r\n<p><a href=\"http:\/\/choeursdecarcassonne.fr\/wp-content\/uploads\/2025\/05\/LIndependant-9-mai-2025.pdf\">L&rsquo;Ind\u00e9pendant du 9 mai 2025<\/a><\/p>\r\n<p><a href=\"http:\/\/choeursdecarcassonne.fr\/wp-content\/uploads\/2025\/08\/ARTICLE-LA-DEPECHE-10-MAI-.pdf\">ARTICLE LA DEPECHE 10 MAI<\/a><\/p>\r\n<p><a href=\"http:\/\/choeursdecarcassonne.fr\/wp-content\/uploads\/2025\/08\/programme-festival-traviata_20250625_0001.pdf\">programme festival traviata_20250625_0001<\/a><\/p>\r\n<p><a href=\"http:\/\/choeursdecarcassonne.fr\/wp-content\/uploads\/2025\/08\/Interview-Henry-Jean-Servat.pdf\">Interview Henry Jean Servat<\/a> <a href=\"http:\/\/choeursdecarcassonne.fr\/wp-content\/uploads\/2025\/08\/Article-lindependant-du-6-juillet.pdf\">Article l&rsquo;independant du 6 juillet<\/a><\/p>\r\n<p><a href=\"http:\/\/choeursdecarcassonne.fr\/wp-content\/uploads\/2025\/08\/Article-lindependant-du-6-juillet-1.pdf\">Article l&rsquo;independant du 6 juillet<\/a><\/p>\r\n<p>&nbsp;<\/p>\r\n<p><img loading=\"lazy\" decoding=\"async\" class=\"alignnone size-medium wp-image-1109\" src=\"http:\/\/choeursdecarcassonne.fr\/wp-content\/uploads\/2025\/08\/2025-07-08_101724-209x300.jpg\" alt=\"\" width=\"209\" height=\"300\" srcset=\"https:\/\/choeursdecarcassonne.fr\/wp-content\/uploads\/2025\/08\/2025-07-08_101724-209x300.jpg 209w, https:\/\/choeursdecarcassonne.fr\/wp-content\/uploads\/2025\/08\/2025-07-08_101724-189x270.jpg 189w, https:\/\/choeursdecarcassonne.fr\/wp-content\/uploads\/2025\/08\/2025-07-08_101724.jpg 694w\" sizes=\"auto, (max-width: 209px) 100vw, 209px\" \/><\/p>\r\n<p>&nbsp;<\/p>\r\n<p><a href=\"http:\/\/choeursdecarcassonne.fr\/wp-content\/uploads\/2025\/08\/Message-de-Cyril-du-10-juillet.pdf\">Message de Cyril du 10 juillet<\/a><\/p>\r\n<p><a href=\"http:\/\/choeursdecarcassonne.fr\/wp-content\/uploads\/2025\/08\/Message-dAnnie-Grenier.pdf\">Message d&rsquo;Annie Grenier<\/a><\/p>\r\n<p>Galerie des artistes<\/p>\r\n<p><img loading=\"lazy\" decoding=\"async\" class=\"alignnone size-medium wp-image-1126\" src=\"http:\/\/choeursdecarcassonne.fr\/wp-content\/uploads\/2025\/08\/20250706_203024-135x300.jpg\" alt=\"\" width=\"135\" height=\"300\" srcset=\"https:\/\/choeursdecarcassonne.fr\/wp-content\/uploads\/2025\/08\/20250706_203024-135x300.jpg 135w, https:\/\/choeursdecarcassonne.fr\/wp-content\/uploads\/2025\/08\/20250706_203024-461x1024.jpg 461w, https:\/\/choeursdecarcassonne.fr\/wp-content\/uploads\/2025\/08\/20250706_203024-768x1705.jpg 768w, https:\/\/choeursdecarcassonne.fr\/wp-content\/uploads\/2025\/08\/20250706_203024-692x1536.jpg 692w, https:\/\/choeursdecarcassonne.fr\/wp-content\/uploads\/2025\/08\/20250706_203024-922x2048.jpg 922w, https:\/\/choeursdecarcassonne.fr\/wp-content\/uploads\/2025\/08\/20250706_203024-122x270.jpg 122w, https:\/\/choeursdecarcassonne.fr\/wp-content\/uploads\/2025\/08\/20250706_203024-scaled.jpg 1153w\" sizes=\"auto, (max-width: 135px) 100vw, 135px\" \/> <img loading=\"lazy\" decoding=\"async\" class=\"alignnone size-medium wp-image-1127\" src=\"http:\/\/choeursdecarcassonne.fr\/wp-content\/uploads\/2025\/08\/20250706_204516-135x300.jpg\" alt=\"\" width=\"135\" height=\"300\" srcset=\"https:\/\/choeursdecarcassonne.fr\/wp-content\/uploads\/2025\/08\/20250706_204516-135x300.jpg 135w, https:\/\/choeursdecarcassonne.fr\/wp-content\/uploads\/2025\/08\/20250706_204516-461x1024.jpg 461w, https:\/\/choeursdecarcassonne.fr\/wp-content\/uploads\/2025\/08\/20250706_204516-768x1705.jpg 768w, https:\/\/choeursdecarcassonne.fr\/wp-content\/uploads\/2025\/08\/20250706_204516-692x1536.jpg 692w, https:\/\/choeursdecarcassonne.fr\/wp-content\/uploads\/2025\/08\/20250706_204516-922x2048.jpg 922w, https:\/\/choeursdecarcassonne.fr\/wp-content\/uploads\/2025\/08\/20250706_204516-122x270.jpg 122w, https:\/\/choeursdecarcassonne.fr\/wp-content\/uploads\/2025\/08\/20250706_204516-scaled.jpg 1153w\" sizes=\"auto, (max-width: 135px) 100vw, 135px\" \/> \u00a0<img loading=\"lazy\" decoding=\"async\" class=\"alignnone size-medium wp-image-1129\" src=\"http:\/\/choeursdecarcassonne.fr\/wp-content\/uploads\/2025\/08\/Beverly-135x300.jpg\" alt=\"\" width=\"135\" height=\"300\" srcset=\"https:\/\/choeursdecarcassonne.fr\/wp-content\/uploads\/2025\/08\/Beverly-135x300.jpg 135w, https:\/\/choeursdecarcassonne.fr\/wp-content\/uploads\/2025\/08\/Beverly-461x1024.jpg 461w, https:\/\/choeursdecarcassonne.fr\/wp-content\/uploads\/2025\/08\/Beverly-768x1705.jpg 768w, https:\/\/choeursdecarcassonne.fr\/wp-content\/uploads\/2025\/08\/Beverly-692x1536.jpg 692w, https:\/\/choeursdecarcassonne.fr\/wp-content\/uploads\/2025\/08\/Beverly-922x2048.jpg 922w, https:\/\/choeursdecarcassonne.fr\/wp-content\/uploads\/2025\/08\/Beverly-122x270.jpg 122w, https:\/\/choeursdecarcassonne.fr\/wp-content\/uploads\/2025\/08\/Beverly-scaled.jpg 1153w\" sizes=\"auto, (max-width: 135px) 100vw, 135px\" \/> <img loading=\"lazy\" decoding=\"async\" class=\"alignnone size-medium wp-image-1128\" src=\"http:\/\/choeursdecarcassonne.fr\/wp-content\/uploads\/2025\/08\/20250706_204629-135x300.jpg\" alt=\"\" width=\"135\" height=\"300\" srcset=\"https:\/\/choeursdecarcassonne.fr\/wp-content\/uploads\/2025\/08\/20250706_204629-135x300.jpg 135w, https:\/\/choeursdecarcassonne.fr\/wp-content\/uploads\/2025\/08\/20250706_204629-461x1024.jpg 461w, https:\/\/choeursdecarcassonne.fr\/wp-content\/uploads\/2025\/08\/20250706_204629-768x1705.jpg 768w, https:\/\/choeursdecarcassonne.fr\/wp-content\/uploads\/2025\/08\/20250706_204629-692x1536.jpg 692w, https:\/\/choeursdecarcassonne.fr\/wp-content\/uploads\/2025\/08\/20250706_204629-922x2048.jpg 922w, https:\/\/choeursdecarcassonne.fr\/wp-content\/uploads\/2025\/08\/20250706_204629-122x270.jpg 122w, https:\/\/choeursdecarcassonne.fr\/wp-content\/uploads\/2025\/08\/20250706_204629-scaled.jpg 1153w\" sizes=\"auto, (max-width: 135px) 100vw, 135px\" \/> <img loading=\"lazy\" decoding=\"async\" class=\"alignnone size-medium wp-image-1131\" src=\"http:\/\/choeursdecarcassonne.fr\/wp-content\/uploads\/2025\/08\/Carmen-135x300.jpg\" alt=\"\" width=\"135\" height=\"300\" srcset=\"https:\/\/choeursdecarcassonne.fr\/wp-content\/uploads\/2025\/08\/Carmen-135x300.jpg 135w, https:\/\/choeursdecarcassonne.fr\/wp-content\/uploads\/2025\/08\/Carmen-461x1024.jpg 461w, https:\/\/choeursdecarcassonne.fr\/wp-content\/uploads\/2025\/08\/Carmen-768x1705.jpg 768w, https:\/\/choeursdecarcassonne.fr\/wp-content\/uploads\/2025\/08\/Carmen-692x1536.jpg 692w, https:\/\/choeursdecarcassonne.fr\/wp-content\/uploads\/2025\/08\/Carmen-922x2048.jpg 922w, https:\/\/choeursdecarcassonne.fr\/wp-content\/uploads\/2025\/08\/Carmen-122x270.jpg 122w, https:\/\/choeursdecarcassonne.fr\/wp-content\/uploads\/2025\/08\/Carmen-scaled.jpg 1153w\" sizes=\"auto, (max-width: 135px) 100vw, 135px\" \/> \u00a0<img loading=\"lazy\" decoding=\"async\" class=\"alignnone size-medium wp-image-1134\" src=\"http:\/\/choeursdecarcassonne.fr\/wp-content\/uploads\/2025\/08\/Corinne-Canevese-135x300.jpg\" alt=\"\" width=\"135\" height=\"300\" srcset=\"https:\/\/choeursdecarcassonne.fr\/wp-content\/uploads\/2025\/08\/Corinne-Canevese-135x300.jpg 135w, https:\/\/choeursdecarcassonne.fr\/wp-content\/uploads\/2025\/08\/Corinne-Canevese-461x1024.jpg 461w, https:\/\/choeursdecarcassonne.fr\/wp-content\/uploads\/2025\/08\/Corinne-Canevese-768x1705.jpg 768w, https:\/\/choeursdecarcassonne.fr\/wp-content\/uploads\/2025\/08\/Corinne-Canevese-692x1536.jpg 692w, https:\/\/choeursdecarcassonne.fr\/wp-content\/uploads\/2025\/08\/Corinne-Canevese-922x2048.jpg 922w, https:\/\/choeursdecarcassonne.fr\/wp-content\/uploads\/2025\/08\/Corinne-Canevese-122x270.jpg 122w, https:\/\/choeursdecarcassonne.fr\/wp-content\/uploads\/2025\/08\/Corinne-Canevese-scaled.jpg 1153w\" sizes=\"auto, (max-width: 135px) 100vw, 135px\" \/> <img loading=\"lazy\" decoding=\"async\" class=\"alignnone size-medium wp-image-1135\" src=\"http:\/\/choeursdecarcassonne.fr\/wp-content\/uploads\/2025\/08\/Florence-135x300.jpg\" alt=\"\" width=\"135\" height=\"300\" srcset=\"https:\/\/choeursdecarcassonne.fr\/wp-content\/uploads\/2025\/08\/Florence-135x300.jpg 135w, https:\/\/choeursdecarcassonne.fr\/wp-content\/uploads\/2025\/08\/Florence-461x1024.jpg 461w, https:\/\/choeursdecarcassonne.fr\/wp-content\/uploads\/2025\/08\/Florence-768x1705.jpg 768w, https:\/\/choeursdecarcassonne.fr\/wp-content\/uploads\/2025\/08\/Florence-692x1536.jpg 692w, https:\/\/choeursdecarcassonne.fr\/wp-content\/uploads\/2025\/08\/Florence-922x2048.jpg 922w, https:\/\/choeursdecarcassonne.fr\/wp-content\/uploads\/2025\/08\/Florence-122x270.jpg 122w, https:\/\/choeursdecarcassonne.fr\/wp-content\/uploads\/2025\/08\/Florence-scaled.jpg 1153w\" sizes=\"auto, (max-width: 135px) 100vw, 135px\" \/> <img loading=\"lazy\" decoding=\"async\" class=\"alignnone size-medium wp-image-1132\" src=\"http:\/\/choeursdecarcassonne.fr\/wp-content\/uploads\/2025\/08\/Cathy-135x300.jpg\" alt=\"\" width=\"135\" height=\"300\" srcset=\"https:\/\/choeursdecarcassonne.fr\/wp-content\/uploads\/2025\/08\/Cathy-135x300.jpg 135w, https:\/\/choeursdecarcassonne.fr\/wp-content\/uploads\/2025\/08\/Cathy-461x1024.jpg 461w, https:\/\/choeursdecarcassonne.fr\/wp-content\/uploads\/2025\/08\/Cathy-768x1705.jpg 768w, https:\/\/choeursdecarcassonne.fr\/wp-content\/uploads\/2025\/08\/Cathy-692x1536.jpg 692w, https:\/\/choeursdecarcassonne.fr\/wp-content\/uploads\/2025\/08\/Cathy-922x2048.jpg 922w, https:\/\/choeursdecarcassonne.fr\/wp-content\/uploads\/2025\/08\/Cathy-122x270.jpg 122w, https:\/\/choeursdecarcassonne.fr\/wp-content\/uploads\/2025\/08\/Cathy-scaled.jpg 1153w\" sizes=\"auto, (max-width: 135px) 100vw, 135px\" \/><\/p>\r\n<p><img loading=\"lazy\" decoding=\"async\" class=\"alignnone size-medium wp-image-1136\" src=\"http:\/\/choeursdecarcassonne.fr\/wp-content\/uploads\/2025\/08\/IMG-20250707-WA0031-135x300.jpg\" alt=\"\" width=\"135\" height=\"300\" srcset=\"https:\/\/choeursdecarcassonne.fr\/wp-content\/uploads\/2025\/08\/IMG-20250707-WA0031-135x300.jpg 135w, https:\/\/choeursdecarcassonne.fr\/wp-content\/uploads\/2025\/08\/IMG-20250707-WA0031-461x1024.jpg 461w, https:\/\/choeursdecarcassonne.fr\/wp-content\/uploads\/2025\/08\/IMG-20250707-WA0031-691x1536.jpg 691w, https:\/\/choeursdecarcassonne.fr\/wp-content\/uploads\/2025\/08\/IMG-20250707-WA0031-122x270.jpg 122w, https:\/\/choeursdecarcassonne.fr\/wp-content\/uploads\/2025\/08\/IMG-20250707-WA0031.jpg 720w\" sizes=\"auto, (max-width: 135px) 100vw, 135px\" \/> <img loading=\"lazy\" decoding=\"async\" class=\"alignnone size-medium wp-image-1137\" src=\"http:\/\/choeursdecarcassonne.fr\/wp-content\/uploads\/2025\/08\/IMG-20250719-WA0050-135x300.jpg\" alt=\"\" width=\"135\" height=\"300\" srcset=\"https:\/\/choeursdecarcassonne.fr\/wp-content\/uploads\/2025\/08\/IMG-20250719-WA0050-135x300.jpg 135w, https:\/\/choeursdecarcassonne.fr\/wp-content\/uploads\/2025\/08\/IMG-20250719-WA0050-461x1024.jpg 461w, https:\/\/choeursdecarcassonne.fr\/wp-content\/uploads\/2025\/08\/IMG-20250719-WA0050-691x1536.jpg 691w, https:\/\/choeursdecarcassonne.fr\/wp-content\/uploads\/2025\/08\/IMG-20250719-WA0050-122x270.jpg 122w, https:\/\/choeursdecarcassonne.fr\/wp-content\/uploads\/2025\/08\/IMG-20250719-WA0050.jpg 720w\" sizes=\"auto, (max-width: 135px) 100vw, 135px\" \/> <img loading=\"lazy\" decoding=\"async\" class=\"alignnone size-medium wp-image-1140\" src=\"http:\/\/choeursdecarcassonne.fr\/wp-content\/uploads\/2025\/08\/IMG-20250719-WA0053-135x300.jpg\" alt=\"\" width=\"135\" height=\"300\" srcset=\"https:\/\/choeursdecarcassonne.fr\/wp-content\/uploads\/2025\/08\/IMG-20250719-WA0053-135x300.jpg 135w, https:\/\/choeursdecarcassonne.fr\/wp-content\/uploads\/2025\/08\/IMG-20250719-WA0053-461x1024.jpg 461w, https:\/\/choeursdecarcassonne.fr\/wp-content\/uploads\/2025\/08\/IMG-20250719-WA0053-691x1536.jpg 691w, https:\/\/choeursdecarcassonne.fr\/wp-content\/uploads\/2025\/08\/IMG-20250719-WA0053-122x270.jpg 122w, https:\/\/choeursdecarcassonne.fr\/wp-content\/uploads\/2025\/08\/IMG-20250719-WA0053.jpg 720w\" sizes=\"auto, (max-width: 135px) 100vw, 135px\" \/> <img loading=\"lazy\" decoding=\"async\" class=\"alignnone size-medium wp-image-1139\" src=\"http:\/\/choeursdecarcassonne.fr\/wp-content\/uploads\/2025\/08\/IMG-20250719-WA0052-135x300.jpg\" alt=\"\" width=\"135\" height=\"300\" srcset=\"https:\/\/choeursdecarcassonne.fr\/wp-content\/uploads\/2025\/08\/IMG-20250719-WA0052-135x300.jpg 135w, https:\/\/choeursdecarcassonne.fr\/wp-content\/uploads\/2025\/08\/IMG-20250719-WA0052-461x1024.jpg 461w, https:\/\/choeursdecarcassonne.fr\/wp-content\/uploads\/2025\/08\/IMG-20250719-WA0052-691x1536.jpg 691w, https:\/\/choeursdecarcassonne.fr\/wp-content\/uploads\/2025\/08\/IMG-20250719-WA0052-122x270.jpg 122w, https:\/\/choeursdecarcassonne.fr\/wp-content\/uploads\/2025\/08\/IMG-20250719-WA0052.jpg 720w\" sizes=\"auto, (max-width: 135px) 100vw, 135px\" \/> <img loading=\"lazy\" decoding=\"async\" class=\"alignnone size-medium wp-image-1141\" src=\"http:\/\/choeursdecarcassonne.fr\/wp-content\/uploads\/2025\/08\/IMG-20250719-WA0061-135x300.jpg\" alt=\"\" width=\"135\" height=\"300\" srcset=\"https:\/\/choeursdecarcassonne.fr\/wp-content\/uploads\/2025\/08\/IMG-20250719-WA0061-135x300.jpg 135w, https:\/\/choeursdecarcassonne.fr\/wp-content\/uploads\/2025\/08\/IMG-20250719-WA0061-461x1024.jpg 461w, https:\/\/choeursdecarcassonne.fr\/wp-content\/uploads\/2025\/08\/IMG-20250719-WA0061-691x1536.jpg 691w, https:\/\/choeursdecarcassonne.fr\/wp-content\/uploads\/2025\/08\/IMG-20250719-WA0061-122x270.jpg 122w, https:\/\/choeursdecarcassonne.fr\/wp-content\/uploads\/2025\/08\/IMG-20250719-WA0061.jpg 720w\" sizes=\"auto, (max-width: 135px) 100vw, 135px\" \/> <img loading=\"lazy\" decoding=\"async\" class=\"alignnone size-medium wp-image-1143\" src=\"http:\/\/choeursdecarcassonne.fr\/wp-content\/uploads\/2025\/08\/IMG-20250719-WA0064-135x300.jpg\" alt=\"\" width=\"135\" height=\"300\" srcset=\"https:\/\/choeursdecarcassonne.fr\/wp-content\/uploads\/2025\/08\/IMG-20250719-WA0064-135x300.jpg 135w, https:\/\/choeursdecarcassonne.fr\/wp-content\/uploads\/2025\/08\/IMG-20250719-WA0064-461x1024.jpg 461w, https:\/\/choeursdecarcassonne.fr\/wp-content\/uploads\/2025\/08\/IMG-20250719-WA0064-691x1536.jpg 691w, https:\/\/choeursdecarcassonne.fr\/wp-content\/uploads\/2025\/08\/IMG-20250719-WA0064-122x270.jpg 122w, https:\/\/choeursdecarcassonne.fr\/wp-content\/uploads\/2025\/08\/IMG-20250719-WA0064.jpg 720w\" sizes=\"auto, (max-width: 135px) 100vw, 135px\" \/> <img loading=\"lazy\" decoding=\"async\" class=\"alignnone size-medium wp-image-1144\" src=\"http:\/\/choeursdecarcassonne.fr\/wp-content\/uploads\/2025\/08\/IMG-20250719-WA0065-135x300.jpg\" alt=\"\" width=\"135\" height=\"300\" srcset=\"https:\/\/choeursdecarcassonne.fr\/wp-content\/uploads\/2025\/08\/IMG-20250719-WA0065-135x300.jpg 135w, https:\/\/choeursdecarcassonne.fr\/wp-content\/uploads\/2025\/08\/IMG-20250719-WA0065-461x1024.jpg 461w, https:\/\/choeursdecarcassonne.fr\/wp-content\/uploads\/2025\/08\/IMG-20250719-WA0065-691x1536.jpg 691w, https:\/\/choeursdecarcassonne.fr\/wp-content\/uploads\/2025\/08\/IMG-20250719-WA0065-122x270.jpg 122w, https:\/\/choeursdecarcassonne.fr\/wp-content\/uploads\/2025\/08\/IMG-20250719-WA0065.jpg 720w\" sizes=\"auto, (max-width: 135px) 100vw, 135px\" \/> \u00a0<img loading=\"lazy\" decoding=\"async\" class=\"alignnone size-medium wp-image-1146\" src=\"http:\/\/choeursdecarcassonne.fr\/wp-content\/uploads\/2025\/08\/IMG-20250719-WA0068-135x300.jpg\" alt=\"\" width=\"135\" height=\"300\" srcset=\"https:\/\/choeursdecarcassonne.fr\/wp-content\/uploads\/2025\/08\/IMG-20250719-WA0068-135x300.jpg 135w, https:\/\/choeursdecarcassonne.fr\/wp-content\/uploads\/2025\/08\/IMG-20250719-WA0068-461x1024.jpg 461w, https:\/\/choeursdecarcassonne.fr\/wp-content\/uploads\/2025\/08\/IMG-20250719-WA0068-691x1536.jpg 691w, https:\/\/choeursdecarcassonne.fr\/wp-content\/uploads\/2025\/08\/IMG-20250719-WA0068-122x270.jpg 122w, https:\/\/choeursdecarcassonne.fr\/wp-content\/uploads\/2025\/08\/IMG-20250719-WA0068.jpg 720w\" sizes=\"auto, (max-width: 135px) 100vw, 135px\" \/> <img loading=\"lazy\" decoding=\"async\" class=\"alignnone size-medium wp-image-1147\" src=\"http:\/\/choeursdecarcassonne.fr\/wp-content\/uploads\/2025\/08\/IMG-20250719-WA0069-135x300.jpg\" alt=\"\" width=\"135\" height=\"300\" srcset=\"https:\/\/choeursdecarcassonne.fr\/wp-content\/uploads\/2025\/08\/IMG-20250719-WA0069-135x300.jpg 135w, https:\/\/choeursdecarcassonne.fr\/wp-content\/uploads\/2025\/08\/IMG-20250719-WA0069-461x1024.jpg 461w, https:\/\/choeursdecarcassonne.fr\/wp-content\/uploads\/2025\/08\/IMG-20250719-WA0069-691x1536.jpg 691w, https:\/\/choeursdecarcassonne.fr\/wp-content\/uploads\/2025\/08\/IMG-20250719-WA0069-122x270.jpg 122w, https:\/\/choeursdecarcassonne.fr\/wp-content\/uploads\/2025\/08\/IMG-20250719-WA0069.jpg 720w\" sizes=\"auto, (max-width: 135px) 100vw, 135px\" \/> <img loading=\"lazy\" decoding=\"async\" class=\"alignnone size-medium wp-image-1145\" src=\"http:\/\/choeursdecarcassonne.fr\/wp-content\/uploads\/2025\/08\/IMG-20250719-WA0066-135x300.jpg\" alt=\"\" width=\"135\" height=\"300\" srcset=\"https:\/\/choeursdecarcassonne.fr\/wp-content\/uploads\/2025\/08\/IMG-20250719-WA0066-135x300.jpg 135w, https:\/\/choeursdecarcassonne.fr\/wp-content\/uploads\/2025\/08\/IMG-20250719-WA0066-461x1024.jpg 461w, https:\/\/choeursdecarcassonne.fr\/wp-content\/uploads\/2025\/08\/IMG-20250719-WA0066-691x1536.jpg 691w, https:\/\/choeursdecarcassonne.fr\/wp-content\/uploads\/2025\/08\/IMG-20250719-WA0066-122x270.jpg 122w, https:\/\/choeursdecarcassonne.fr\/wp-content\/uploads\/2025\/08\/IMG-20250719-WA0066.jpg 720w\" sizes=\"auto, (max-width: 135px) 100vw, 135px\" \/> <img loading=\"lazy\" decoding=\"async\" class=\"alignnone size-medium wp-image-1148\" src=\"http:\/\/choeursdecarcassonne.fr\/wp-content\/uploads\/2025\/08\/IMG-20250719-WA0071-135x300.jpg\" alt=\"\" width=\"135\" height=\"300\" srcset=\"https:\/\/choeursdecarcassonne.fr\/wp-content\/uploads\/2025\/08\/IMG-20250719-WA0071-135x300.jpg 135w, https:\/\/choeursdecarcassonne.fr\/wp-content\/uploads\/2025\/08\/IMG-20250719-WA0071-461x1024.jpg 461w, https:\/\/choeursdecarcassonne.fr\/wp-content\/uploads\/2025\/08\/IMG-20250719-WA0071-691x1536.jpg 691w, https:\/\/choeursdecarcassonne.fr\/wp-content\/uploads\/2025\/08\/IMG-20250719-WA0071-122x270.jpg 122w, https:\/\/choeursdecarcassonne.fr\/wp-content\/uploads\/2025\/08\/IMG-20250719-WA0071.jpg 720w\" sizes=\"auto, (max-width: 135px) 100vw, 135px\" \/> <img loading=\"lazy\" decoding=\"async\" class=\"alignnone size-medium wp-image-1149\" src=\"http:\/\/choeursdecarcassonne.fr\/wp-content\/uploads\/2025\/08\/IMG-20250719-WA0072-135x300.jpg\" alt=\"\" width=\"135\" height=\"300\" srcset=\"https:\/\/choeursdecarcassonne.fr\/wp-content\/uploads\/2025\/08\/IMG-20250719-WA0072-135x300.jpg 135w, https:\/\/choeursdecarcassonne.fr\/wp-content\/uploads\/2025\/08\/IMG-20250719-WA0072-461x1024.jpg 461w, https:\/\/choeursdecarcassonne.fr\/wp-content\/uploads\/2025\/08\/IMG-20250719-WA0072-691x1536.jpg 691w, https:\/\/choeursdecarcassonne.fr\/wp-content\/uploads\/2025\/08\/IMG-20250719-WA0072-122x270.jpg 122w, https:\/\/choeursdecarcassonne.fr\/wp-content\/uploads\/2025\/08\/IMG-20250719-WA0072.jpg 720w\" sizes=\"auto, (max-width: 135px) 100vw, 135px\" \/> <img loading=\"lazy\" decoding=\"async\" class=\"alignnone size-medium wp-image-1150\" src=\"http:\/\/choeursdecarcassonne.fr\/wp-content\/uploads\/2025\/08\/IMG-20250719-WA0073-135x300.jpg\" alt=\"\" width=\"135\" height=\"300\" srcset=\"https:\/\/choeursdecarcassonne.fr\/wp-content\/uploads\/2025\/08\/IMG-20250719-WA0073-135x300.jpg 135w, https:\/\/choeursdecarcassonne.fr\/wp-content\/uploads\/2025\/08\/IMG-20250719-WA0073-461x1024.jpg 461w, https:\/\/choeursdecarcassonne.fr\/wp-content\/uploads\/2025\/08\/IMG-20250719-WA0073-691x1536.jpg 691w, https:\/\/choeursdecarcassonne.fr\/wp-content\/uploads\/2025\/08\/IMG-20250719-WA0073-122x270.jpg 122w, https:\/\/choeursdecarcassonne.fr\/wp-content\/uploads\/2025\/08\/IMG-20250719-WA0073.jpg 720w\" sizes=\"auto, (max-width: 135px) 100vw, 135px\" \/> <img loading=\"lazy\" decoding=\"async\" class=\"alignnone size-medium wp-image-1151\" src=\"http:\/\/choeursdecarcassonne.fr\/wp-content\/uploads\/2025\/08\/IMG-20250719-WA0074-142x300.jpg\" alt=\"\" width=\"142\" height=\"300\" srcset=\"https:\/\/choeursdecarcassonne.fr\/wp-content\/uploads\/2025\/08\/IMG-20250719-WA0074-142x300.jpg 142w, https:\/\/choeursdecarcassonne.fr\/wp-content\/uploads\/2025\/08\/IMG-20250719-WA0074-484x1024.jpg 484w, https:\/\/choeursdecarcassonne.fr\/wp-content\/uploads\/2025\/08\/IMG-20250719-WA0074-727x1536.jpg 727w, https:\/\/choeursdecarcassonne.fr\/wp-content\/uploads\/2025\/08\/IMG-20250719-WA0074-128x270.jpg 128w, https:\/\/choeursdecarcassonne.fr\/wp-content\/uploads\/2025\/08\/IMG-20250719-WA0074.jpg 757w\" sizes=\"auto, (max-width: 142px) 100vw, 142px\" \/> <img loading=\"lazy\" decoding=\"async\" class=\"alignnone size-medium wp-image-1152\" src=\"http:\/\/choeursdecarcassonne.fr\/wp-content\/uploads\/2025\/08\/IMG-20250719-WA0075-135x300.jpg\" alt=\"\" width=\"135\" height=\"300\" srcset=\"https:\/\/choeursdecarcassonne.fr\/wp-content\/uploads\/2025\/08\/IMG-20250719-WA0075-135x300.jpg 135w, https:\/\/choeursdecarcassonne.fr\/wp-content\/uploads\/2025\/08\/IMG-20250719-WA0075-461x1024.jpg 461w, https:\/\/choeursdecarcassonne.fr\/wp-content\/uploads\/2025\/08\/IMG-20250719-WA0075-691x1536.jpg 691w, https:\/\/choeursdecarcassonne.fr\/wp-content\/uploads\/2025\/08\/IMG-20250719-WA0075-122x270.jpg 122w, https:\/\/choeursdecarcassonne.fr\/wp-content\/uploads\/2025\/08\/IMG-20250719-WA0075.jpg 720w\" sizes=\"auto, (max-width: 135px) 100vw, 135px\" \/> <img loading=\"lazy\" decoding=\"async\" class=\"alignnone size-medium wp-image-1153\" src=\"http:\/\/choeursdecarcassonne.fr\/wp-content\/uploads\/2025\/08\/IMG-20250719-WA0076-135x300.jpg\" alt=\"\" width=\"135\" height=\"300\" srcset=\"https:\/\/choeursdecarcassonne.fr\/wp-content\/uploads\/2025\/08\/IMG-20250719-WA0076-135x300.jpg 135w, https:\/\/choeursdecarcassonne.fr\/wp-content\/uploads\/2025\/08\/IMG-20250719-WA0076-461x1024.jpg 461w, https:\/\/choeursdecarcassonne.fr\/wp-content\/uploads\/2025\/08\/IMG-20250719-WA0076-691x1536.jpg 691w, https:\/\/choeursdecarcassonne.fr\/wp-content\/uploads\/2025\/08\/IMG-20250719-WA0076-122x270.jpg 122w, https:\/\/choeursdecarcassonne.fr\/wp-content\/uploads\/2025\/08\/IMG-20250719-WA0076.jpg 720w\" sizes=\"auto, (max-width: 135px) 100vw, 135px\" \/> <img loading=\"lazy\" decoding=\"async\" class=\"alignnone size-medium wp-image-1154\" src=\"http:\/\/choeursdecarcassonne.fr\/wp-content\/uploads\/2025\/08\/IMG-20250719-WA0077-135x300.jpg\" alt=\"\" width=\"135\" height=\"300\" srcset=\"https:\/\/choeursdecarcassonne.fr\/wp-content\/uploads\/2025\/08\/IMG-20250719-WA0077-135x300.jpg 135w, https:\/\/choeursdecarcassonne.fr\/wp-content\/uploads\/2025\/08\/IMG-20250719-WA0077-461x1024.jpg 461w, https:\/\/choeursdecarcassonne.fr\/wp-content\/uploads\/2025\/08\/IMG-20250719-WA0077-691x1536.jpg 691w, https:\/\/choeursdecarcassonne.fr\/wp-content\/uploads\/2025\/08\/IMG-20250719-WA0077-122x270.jpg 122w, https:\/\/choeursdecarcassonne.fr\/wp-content\/uploads\/2025\/08\/IMG-20250719-WA0077.jpg 720w\" sizes=\"auto, (max-width: 135px) 100vw, 135px\" \/> <img loading=\"lazy\" decoding=\"async\" class=\"alignnone size-medium wp-image-1155\" src=\"http:\/\/choeursdecarcassonne.fr\/wp-content\/uploads\/2025\/08\/IMG-20250719-WA0078-135x300.jpg\" alt=\"\" width=\"135\" height=\"300\" srcset=\"https:\/\/choeursdecarcassonne.fr\/wp-content\/uploads\/2025\/08\/IMG-20250719-WA0078-135x300.jpg 135w, https:\/\/choeursdecarcassonne.fr\/wp-content\/uploads\/2025\/08\/IMG-20250719-WA0078-461x1024.jpg 461w, https:\/\/choeursdecarcassonne.fr\/wp-content\/uploads\/2025\/08\/IMG-20250719-WA0078-691x1536.jpg 691w, https:\/\/choeursdecarcassonne.fr\/wp-content\/uploads\/2025\/08\/IMG-20250719-WA0078-122x270.jpg 122w, https:\/\/choeursdecarcassonne.fr\/wp-content\/uploads\/2025\/08\/IMG-20250719-WA0078.jpg 720w\" sizes=\"auto, (max-width: 135px) 100vw, 135px\" \/> <img loading=\"lazy\" decoding=\"async\" class=\"alignnone size-medium wp-image-1156\" src=\"http:\/\/choeursdecarcassonne.fr\/wp-content\/uploads\/2025\/08\/Karine-135x300.jpg\" alt=\"\" width=\"135\" height=\"300\" srcset=\"https:\/\/choeursdecarcassonne.fr\/wp-content\/uploads\/2025\/08\/Karine-135x300.jpg 135w, https:\/\/choeursdecarcassonne.fr\/wp-content\/uploads\/2025\/08\/Karine-461x1024.jpg 461w, https:\/\/choeursdecarcassonne.fr\/wp-content\/uploads\/2025\/08\/Karine-768x1705.jpg 768w, https:\/\/choeursdecarcassonne.fr\/wp-content\/uploads\/2025\/08\/Karine-692x1536.jpg 692w, https:\/\/choeursdecarcassonne.fr\/wp-content\/uploads\/2025\/08\/Karine-922x2048.jpg 922w, https:\/\/choeursdecarcassonne.fr\/wp-content\/uploads\/2025\/08\/Karine-122x270.jpg 122w, https:\/\/choeursdecarcassonne.fr\/wp-content\/uploads\/2025\/08\/Karine-scaled.jpg 1153w\" sizes=\"auto, (max-width: 135px) 100vw, 135px\" \/> <img loading=\"lazy\" decoding=\"async\" class=\"alignnone size-medium wp-image-1157\" src=\"http:\/\/choeursdecarcassonne.fr\/wp-content\/uploads\/2025\/08\/IMG-20250706-WA0001-225x300.jpg\" alt=\"\" width=\"225\" height=\"300\" srcset=\"https:\/\/choeursdecarcassonne.fr\/wp-content\/uploads\/2025\/08\/IMG-20250706-WA0001-225x300.jpg 225w, https:\/\/choeursdecarcassonne.fr\/wp-content\/uploads\/2025\/08\/IMG-20250706-WA0001-203x270.jpg 203w, https:\/\/choeursdecarcassonne.fr\/wp-content\/uploads\/2025\/08\/IMG-20250706-WA0001.jpg 600w\" sizes=\"auto, (max-width: 225px) 100vw, 225px\" \/> <img loading=\"lazy\" decoding=\"async\" class=\"alignnone size-medium wp-image-1158\" src=\"http:\/\/choeursdecarcassonne.fr\/wp-content\/uploads\/2025\/08\/IMG-20250707-WA0045-300x135.jpg\" alt=\"\" width=\"300\" height=\"135\" srcset=\"https:\/\/choeursdecarcassonne.fr\/wp-content\/uploads\/2025\/08\/IMG-20250707-WA0045-300x135.jpg 300w, https:\/\/choeursdecarcassonne.fr\/wp-content\/uploads\/2025\/08\/IMG-20250707-WA0045-1024x461.jpg 1024w, https:\/\/choeursdecarcassonne.fr\/wp-content\/uploads\/2025\/08\/IMG-20250707-WA0045-768x346.jpg 768w, https:\/\/choeursdecarcassonne.fr\/wp-content\/uploads\/2025\/08\/IMG-20250707-WA0045-1536x691.jpg 1536w, https:\/\/choeursdecarcassonne.fr\/wp-content\/uploads\/2025\/08\/IMG-20250707-WA0045-600x270.jpg 600w, https:\/\/choeursdecarcassonne.fr\/wp-content\/uploads\/2025\/08\/IMG-20250707-WA0045.jpg 1600w\" sizes=\"auto, (max-width: 300px) 100vw, 300px\" \/><\/p>\r\n<p>&nbsp;<\/p>\r\n<p style=\"text-align: center;\"><img loading=\"lazy\" decoding=\"async\" class=\"size-medium wp-image-1159 aligncenter\" src=\"http:\/\/choeursdecarcassonne.fr\/wp-content\/uploads\/2025\/08\/IMG-20250707-WA0002-300x225.jpg\" alt=\"\" width=\"300\" height=\"225\" srcset=\"https:\/\/choeursdecarcassonne.fr\/wp-content\/uploads\/2025\/08\/IMG-20250707-WA0002-300x225.jpg 300w, https:\/\/choeursdecarcassonne.fr\/wp-content\/uploads\/2025\/08\/IMG-20250707-WA0002-768x576.jpg 768w, https:\/\/choeursdecarcassonne.fr\/wp-content\/uploads\/2025\/08\/IMG-20250707-WA0002-360x270.jpg 360w, https:\/\/choeursdecarcassonne.fr\/wp-content\/uploads\/2025\/08\/IMG-20250707-WA0002.jpg 1020w\" sizes=\"auto, (max-width: 300px) 100vw, 300px\" \/> Un grand merci \u00e0 Jean-Marc pour nous avoir entra\u00een\u00e9 et accompagn\u00e9 dans cette formidable aventure<br \/>\r\n<br \/>\r\n*******<\/p>\r\n<p style=\"text-align: center;\">***<\/p>\r\n<p>&nbsp;<\/p>\r\n<p>&nbsp;<\/p>\r\n<pre>\u00a0<\/pre>\r\n<p>&nbsp;<\/p>\r\n<p>&nbsp;<\/p>\r\n<p style=\"text-align: center;\"><span style=\"font-size: 10px;\">Concerts de No\u00ebl 2023 (\u00e0 l&rsquo;\u00e9glise Saint-Gimer de Carcassonne, \u00e0 l&rsquo;\u00e9glise d&rsquo;Arzens, \u00e0 l&rsquo;\u00e9glise de Bram)<\/span><\/p>\r\n<figure class=\"wp-block-gallery has-nested-images columns-default is-cropped\">\r\n<figure class=\"wp-block-image size-large\"><img loading=\"lazy\" decoding=\"async\" width=\"1024\" height=\"461\" class=\"wp-image-275\" src=\"https:\/\/choeursdecarcassonne.fr\/wp-content\/uploads\/2024\/05\/20231217_171739-1024x461.jpg\" alt=\"\" srcset=\"https:\/\/choeursdecarcassonne.fr\/wp-content\/uploads\/2024\/05\/20231217_171739-1024x461.jpg 1024w, https:\/\/choeursdecarcassonne.fr\/wp-content\/uploads\/2024\/05\/20231217_171739-300x135.jpg 300w, https:\/\/choeursdecarcassonne.fr\/wp-content\/uploads\/2024\/05\/20231217_171739-768x346.jpg 768w, https:\/\/choeursdecarcassonne.fr\/wp-content\/uploads\/2024\/05\/20231217_171739-1536x692.jpg 1536w, https:\/\/choeursdecarcassonne.fr\/wp-content\/uploads\/2024\/05\/20231217_171739-2048x922.jpg 2048w, https:\/\/choeursdecarcassonne.fr\/wp-content\/uploads\/2024\/05\/20231217_171739-599x270.jpg 599w\" sizes=\"auto, (max-width: 1024px) 100vw, 1024px\" \/><\/figure>\r\n<p><br \/>\r\n<\/p>\r\n<figure class=\"wp-block-image size-large\"><img loading=\"lazy\" decoding=\"async\" width=\"1024\" height=\"461\" class=\"wp-image-276\" src=\"https:\/\/choeursdecarcassonne.fr\/wp-content\/uploads\/2024\/05\/20231217_171953-1024x461.jpg\" alt=\"\" srcset=\"https:\/\/choeursdecarcassonne.fr\/wp-content\/uploads\/2024\/05\/20231217_171953-1024x461.jpg 1024w, https:\/\/choeursdecarcassonne.fr\/wp-content\/uploads\/2024\/05\/20231217_171953-300x135.jpg 300w, https:\/\/choeursdecarcassonne.fr\/wp-content\/uploads\/2024\/05\/20231217_171953-768x346.jpg 768w, https:\/\/choeursdecarcassonne.fr\/wp-content\/uploads\/2024\/05\/20231217_171953-1536x692.jpg 1536w, https:\/\/choeursdecarcassonne.fr\/wp-content\/uploads\/2024\/05\/20231217_171953-2048x922.jpg 2048w, https:\/\/choeursdecarcassonne.fr\/wp-content\/uploads\/2024\/05\/20231217_171953-599x270.jpg 599w\" sizes=\"auto, (max-width: 1024px) 100vw, 1024px\" \/><\/figure>\r\n<p><br \/>\r\n<\/p>\r\n<figure class=\"wp-block-image size-large\"><img loading=\"lazy\" decoding=\"async\" width=\"1024\" height=\"461\" class=\"wp-image-277\" src=\"https:\/\/choeursdecarcassonne.fr\/wp-content\/uploads\/2024\/05\/20231217_173555-1024x461.jpg\" alt=\"\" srcset=\"https:\/\/choeursdecarcassonne.fr\/wp-content\/uploads\/2024\/05\/20231217_173555-1024x461.jpg 1024w, https:\/\/choeursdecarcassonne.fr\/wp-content\/uploads\/2024\/05\/20231217_173555-300x135.jpg 300w, https:\/\/choeursdecarcassonne.fr\/wp-content\/uploads\/2024\/05\/20231217_173555-768x346.jpg 768w, https:\/\/choeursdecarcassonne.fr\/wp-content\/uploads\/2024\/05\/20231217_173555-1536x692.jpg 1536w, https:\/\/choeursdecarcassonne.fr\/wp-content\/uploads\/2024\/05\/20231217_173555-2048x922.jpg 2048w, https:\/\/choeursdecarcassonne.fr\/wp-content\/uploads\/2024\/05\/20231217_173555-599x270.jpg 599w\" sizes=\"auto, (max-width: 1024px) 100vw, 1024px\" \/><\/figure>\r\n<p><\/p>\r\n<\/figure>\r\n<p><!-- \/wp:post-content --><br \/>\r\n<!-- wp:gallery {\"linkTo\":\"none\"} --><\/p>\r\n<figure class=\"wp-block-gallery has-nested-images columns-default is-cropped\"><!-- wp:image {\"id\":280,\"sizeSlug\":\"large\",\"linkDestination\":\"none\"} -->\r\n<figure class=\"wp-block-image size-large\"><img loading=\"lazy\" decoding=\"async\" width=\"1024\" height=\"576\" class=\"wp-image-280\" src=\"https:\/\/choeursdecarcassonne.fr\/wp-content\/uploads\/2024\/05\/P2150041-Copie-1024x576.jpg\" alt=\"\" srcset=\"https:\/\/choeursdecarcassonne.fr\/wp-content\/uploads\/2024\/05\/P2150041-Copie-1024x576.jpg 1024w, https:\/\/choeursdecarcassonne.fr\/wp-content\/uploads\/2024\/05\/P2150041-Copie-300x169.jpg 300w, https:\/\/choeursdecarcassonne.fr\/wp-content\/uploads\/2024\/05\/P2150041-Copie-768x432.jpg 768w, https:\/\/choeursdecarcassonne.fr\/wp-content\/uploads\/2024\/05\/P2150041-Copie-1536x864.jpg 1536w, https:\/\/choeursdecarcassonne.fr\/wp-content\/uploads\/2024\/05\/P2150041-Copie-2048x1152.jpg 2048w, https:\/\/choeursdecarcassonne.fr\/wp-content\/uploads\/2024\/05\/P2150041-Copie-480x270.jpg 480w\" sizes=\"auto, (max-width: 1024px) 100vw, 1024px\" \/><\/figure>\r\n<p><!-- \/wp:image --><br \/>\r\n<!-- wp:image {\"id\":281,\"sizeSlug\":\"large\",\"linkDestination\":\"none\"} --><\/p>\r\n<figure class=\"wp-block-image size-large\"><img loading=\"lazy\" decoding=\"async\" width=\"1024\" height=\"576\" class=\"wp-image-281\" src=\"https:\/\/choeursdecarcassonne.fr\/wp-content\/uploads\/2024\/05\/P2150047-1024x576.jpg\" alt=\"\" srcset=\"https:\/\/choeursdecarcassonne.fr\/wp-content\/uploads\/2024\/05\/P2150047-1024x576.jpg 1024w, https:\/\/choeursdecarcassonne.fr\/wp-content\/uploads\/2024\/05\/P2150047-300x169.jpg 300w, https:\/\/choeursdecarcassonne.fr\/wp-content\/uploads\/2024\/05\/P2150047-768x432.jpg 768w, https:\/\/choeursdecarcassonne.fr\/wp-content\/uploads\/2024\/05\/P2150047-1536x864.jpg 1536w, https:\/\/choeursdecarcassonne.fr\/wp-content\/uploads\/2024\/05\/P2150047-2048x1152.jpg 2048w, https:\/\/choeursdecarcassonne.fr\/wp-content\/uploads\/2024\/05\/P2150047-480x270.jpg 480w\" sizes=\"auto, (max-width: 1024px) 100vw, 1024px\" \/><\/figure>\r\n<p><!-- \/wp:image --><br \/>\r\n<!-- wp:image {\"id\":284,\"sizeSlug\":\"large\",\"linkDestination\":\"none\"} --><\/p>\r\n<figure class=\"wp-block-image size-large\"><img loading=\"lazy\" decoding=\"async\" width=\"1024\" height=\"576\" class=\"wp-image-284\" src=\"https:\/\/choeursdecarcassonne.fr\/wp-content\/uploads\/2024\/05\/P2150045-Copie-1024x576.jpg\" alt=\"\" srcset=\"https:\/\/choeursdecarcassonne.fr\/wp-content\/uploads\/2024\/05\/P2150045-Copie-1024x576.jpg 1024w, https:\/\/choeursdecarcassonne.fr\/wp-content\/uploads\/2024\/05\/P2150045-Copie-300x169.jpg 300w, https:\/\/choeursdecarcassonne.fr\/wp-content\/uploads\/2024\/05\/P2150045-Copie-768x432.jpg 768w, https:\/\/choeursdecarcassonne.fr\/wp-content\/uploads\/2024\/05\/P2150045-Copie-1536x864.jpg 1536w, https:\/\/choeursdecarcassonne.fr\/wp-content\/uploads\/2024\/05\/P2150045-Copie-2048x1152.jpg 2048w, https:\/\/choeursdecarcassonne.fr\/wp-content\/uploads\/2024\/05\/P2150045-Copie-480x270.jpg 480w\" sizes=\"auto, (max-width: 1024px) 100vw, 1024px\" \/><\/figure>\r\n<p><!-- \/wp:image --><br \/>\r\n<!-- wp:image --><\/p>\r\n<figure class=\"wp-block-image\"><img \/><\/figure>\r\n<p><!-- \/wp:image --><br \/>\r\n<!-- wp:image {\"id\":282,\"sizeSlug\":\"large\",\"linkDestination\":\"none\"} --><\/p>\r\n<figure class=\"wp-block-image size-large\"><img loading=\"lazy\" decoding=\"async\" width=\"1024\" height=\"576\" class=\"wp-image-282 aligncenter\" src=\"https:\/\/choeursdecarcassonne.fr\/wp-content\/uploads\/2024\/05\/P2150067-1024x576.jpg\" alt=\"\" srcset=\"https:\/\/choeursdecarcassonne.fr\/wp-content\/uploads\/2024\/05\/P2150067-1024x576.jpg 1024w, https:\/\/choeursdecarcassonne.fr\/wp-content\/uploads\/2024\/05\/P2150067-300x169.jpg 300w, https:\/\/choeursdecarcassonne.fr\/wp-content\/uploads\/2024\/05\/P2150067-768x432.jpg 768w, https:\/\/choeursdecarcassonne.fr\/wp-content\/uploads\/2024\/05\/P2150067-1536x864.jpg 1536w, https:\/\/choeursdecarcassonne.fr\/wp-content\/uploads\/2024\/05\/P2150067-2048x1152.jpg 2048w, https:\/\/choeursdecarcassonne.fr\/wp-content\/uploads\/2024\/05\/P2150067-480x270.jpg 480w\" sizes=\"auto, (max-width: 1024px) 100vw, 1024px\" \/><\/figure>\r\n<p style=\"text-align: center;\"><span style=\"font-size: 10px;\">Journ\u00e9es du Patrimoine 2019 &#8211; Cit\u00e9 de Carcassonne<\/span><\/p>\r\n<p><!-- \/wp:image --><br \/>\r\n<!-- wp:image --><\/p>\r\n<figure class=\"wp-block-image\"><img loading=\"lazy\" decoding=\"async\" class=\"size-full wp-image-380 aligncenter\" src=\"http:\/\/choeursdecarcassonne.fr\/wp-content\/uploads\/2024\/05\/20190921_085343-300x225-1.jpg\" alt=\"\" width=\"300\" height=\"225\" \/> <img loading=\"lazy\" decoding=\"async\" class=\"size-medium wp-image-381 aligncenter\" src=\"http:\/\/choeursdecarcassonne.fr\/wp-content\/uploads\/2024\/05\/20190921_085343-680x300-1-300x132.jpg\" alt=\"\" width=\"300\" height=\"132\" srcset=\"https:\/\/choeursdecarcassonne.fr\/wp-content\/uploads\/2024\/05\/20190921_085343-680x300-1-300x132.jpg 300w, https:\/\/choeursdecarcassonne.fr\/wp-content\/uploads\/2024\/05\/20190921_085343-680x300-1-604x266.jpg 604w, https:\/\/choeursdecarcassonne.fr\/wp-content\/uploads\/2024\/05\/20190921_085343-680x300-1.jpg 680w\" sizes=\"auto, (max-width: 300px) 100vw, 300px\" \/><\/figure>\r\n<p style=\"text-align: center;\"><span style=\"font-size: 10px;\">Aria Pirineus &#8211; Michel FENASSE &#8211; Cour du chateau Comtal &#8211; septembre 2019<\/span><\/p>\r\n<figure class=\"wp-block-image\"><img loading=\"lazy\" decoding=\"async\" class=\"size-medium wp-image-382 aligncenter\" src=\"http:\/\/choeursdecarcassonne.fr\/wp-content\/uploads\/2024\/05\/20190921_150031_Moment-300x169.jpg\" alt=\"\" width=\"300\" height=\"169\" srcset=\"https:\/\/choeursdecarcassonne.fr\/wp-content\/uploads\/2024\/05\/20190921_150031_Moment-300x169.jpg 300w, https:\/\/choeursdecarcassonne.fr\/wp-content\/uploads\/2024\/05\/20190921_150031_Moment-1024x576.jpg 1024w, https:\/\/choeursdecarcassonne.fr\/wp-content\/uploads\/2024\/05\/20190921_150031_Moment-768x432.jpg 768w, https:\/\/choeursdecarcassonne.fr\/wp-content\/uploads\/2024\/05\/20190921_150031_Moment-1536x864.jpg 1536w, https:\/\/choeursdecarcassonne.fr\/wp-content\/uploads\/2024\/05\/20190921_150031_Moment-480x270.jpg 480w, https:\/\/choeursdecarcassonne.fr\/wp-content\/uploads\/2024\/05\/20190921_150031_Moment.jpg 1920w\" sizes=\"auto, (max-width: 300px) 100vw, 300px\" \/><\/figure>\r\n<figure class=\"wp-block-image\"><img loading=\"lazy\" decoding=\"async\" class=\"size-medium wp-image-383 aligncenter\" src=\"http:\/\/choeursdecarcassonne.fr\/wp-content\/uploads\/2024\/05\/20190922_094424-300x74-1.jpg\" alt=\"\" width=\"300\" height=\"74\" \/><\/figure>\r\n<figure class=\"wp-block-image\"><img loading=\"lazy\" decoding=\"async\" class=\"size-medium wp-image-384 aligncenter\" src=\"http:\/\/choeursdecarcassonne.fr\/wp-content\/uploads\/2024\/05\/70503235_2356753514652347_8588285955918528512_n-300x225.jpg\" alt=\"\" width=\"300\" height=\"225\" srcset=\"https:\/\/choeursdecarcassonne.fr\/wp-content\/uploads\/2024\/05\/70503235_2356753514652347_8588285955918528512_n-300x225.jpg 300w, https:\/\/choeursdecarcassonne.fr\/wp-content\/uploads\/2024\/05\/70503235_2356753514652347_8588285955918528512_n-768x576.jpg 768w, https:\/\/choeursdecarcassonne.fr\/wp-content\/uploads\/2024\/05\/70503235_2356753514652347_8588285955918528512_n-360x270.jpg 360w, https:\/\/choeursdecarcassonne.fr\/wp-content\/uploads\/2024\/05\/70503235_2356753514652347_8588285955918528512_n.jpg 960w\" sizes=\"auto, (max-width: 300px) 100vw, 300px\" \/><\/figure>\r\n<figure class=\"wp-block-image\"><img loading=\"lazy\" decoding=\"async\" class=\"size-medium wp-image-385 aligncenter\" src=\"http:\/\/choeursdecarcassonne.fr\/wp-content\/uploads\/2024\/05\/b7bd831c-b80c-4ac3-85cc-e5dea8ad892e-300x169.jpg\" alt=\"\" width=\"300\" height=\"169\" srcset=\"https:\/\/choeursdecarcassonne.fr\/wp-content\/uploads\/2024\/05\/b7bd831c-b80c-4ac3-85cc-e5dea8ad892e-300x169.jpg 300w, https:\/\/choeursdecarcassonne.fr\/wp-content\/uploads\/2024\/05\/b7bd831c-b80c-4ac3-85cc-e5dea8ad892e-1024x576.jpg 1024w, https:\/\/choeursdecarcassonne.fr\/wp-content\/uploads\/2024\/05\/b7bd831c-b80c-4ac3-85cc-e5dea8ad892e-768x432.jpg 768w, https:\/\/choeursdecarcassonne.fr\/wp-content\/uploads\/2024\/05\/b7bd831c-b80c-4ac3-85cc-e5dea8ad892e-1536x864.jpg 1536w, https:\/\/choeursdecarcassonne.fr\/wp-content\/uploads\/2024\/05\/b7bd831c-b80c-4ac3-85cc-e5dea8ad892e-480x270.jpg 480w, https:\/\/choeursdecarcassonne.fr\/wp-content\/uploads\/2024\/05\/b7bd831c-b80c-4ac3-85cc-e5dea8ad892e.jpg 1600w\" sizes=\"auto, (max-width: 300px) 100vw, 300px\" \/><\/figure>\r\n<p style=\"text-align: center;\"><span style=\"font-size: 10px;\">Campo santo &#8211; Perpignan juillet 2008<\/span><\/p>\r\n<figure class=\"wp-block-image\"><img loading=\"lazy\" decoding=\"async\" class=\"size-medium wp-image-386 aligncenter\" src=\"http:\/\/choeursdecarcassonne.fr\/wp-content\/uploads\/2024\/05\/Campo-Santo-Perpignan-7-juillet-2008-5-300x200.jpg\" alt=\"\" width=\"300\" height=\"200\" srcset=\"https:\/\/choeursdecarcassonne.fr\/wp-content\/uploads\/2024\/05\/Campo-Santo-Perpignan-7-juillet-2008-5-300x200.jpg 300w, https:\/\/choeursdecarcassonne.fr\/wp-content\/uploads\/2024\/05\/Campo-Santo-Perpignan-7-juillet-2008-5-768x512.jpg 768w, https:\/\/choeursdecarcassonne.fr\/wp-content\/uploads\/2024\/05\/Campo-Santo-Perpignan-7-juillet-2008-5-405x270.jpg 405w, https:\/\/choeursdecarcassonne.fr\/wp-content\/uploads\/2024\/05\/Campo-Santo-Perpignan-7-juillet-2008-5.jpg 800w\" sizes=\"auto, (max-width: 300px) 100vw, 300px\" \/> <img loading=\"lazy\" decoding=\"async\" class=\"size-medium wp-image-387 aligncenter\" src=\"http:\/\/choeursdecarcassonne.fr\/wp-content\/uploads\/2024\/05\/Campo-Santo-Perpignan-7-juillet-2008-6-300x200.jpg\" alt=\"\" width=\"300\" height=\"200\" srcset=\"https:\/\/choeursdecarcassonne.fr\/wp-content\/uploads\/2024\/05\/Campo-Santo-Perpignan-7-juillet-2008-6-300x200.jpg 300w, https:\/\/choeursdecarcassonne.fr\/wp-content\/uploads\/2024\/05\/Campo-Santo-Perpignan-7-juillet-2008-6-768x512.jpg 768w, https:\/\/choeursdecarcassonne.fr\/wp-content\/uploads\/2024\/05\/Campo-Santo-Perpignan-7-juillet-2008-6-405x270.jpg 405w, https:\/\/choeursdecarcassonne.fr\/wp-content\/uploads\/2024\/05\/Campo-Santo-Perpignan-7-juillet-2008-6.jpg 800w\" sizes=\"auto, (max-width: 300px) 100vw, 300px\" \/> <img loading=\"lazy\" decoding=\"async\" class=\"size-medium wp-image-388 aligncenter\" src=\"http:\/\/choeursdecarcassonne.fr\/wp-content\/uploads\/2024\/05\/Campo-Santo-Perpignan-7-juillet-2008-7-300x200.jpg\" alt=\"\" width=\"300\" height=\"200\" srcset=\"https:\/\/choeursdecarcassonne.fr\/wp-content\/uploads\/2024\/05\/Campo-Santo-Perpignan-7-juillet-2008-7-300x200.jpg 300w, https:\/\/choeursdecarcassonne.fr\/wp-content\/uploads\/2024\/05\/Campo-Santo-Perpignan-7-juillet-2008-7-768x512.jpg 768w, https:\/\/choeursdecarcassonne.fr\/wp-content\/uploads\/2024\/05\/Campo-Santo-Perpignan-7-juillet-2008-7-405x270.jpg 405w, https:\/\/choeursdecarcassonne.fr\/wp-content\/uploads\/2024\/05\/Campo-Santo-Perpignan-7-juillet-2008-7.jpg 800w\" sizes=\"auto, (max-width: 300px) 100vw, 300px\" \/><\/figure>\r\n<p style=\"text-align: center;\"><span style=\"font-size: 10px;\">No\u00ebl \u00e0 Fleury d&rsquo;Aude 2020<\/span><\/p>\r\n<figure class=\"wp-block-image\"><img loading=\"lazy\" decoding=\"async\" class=\"size-medium wp-image-389 aligncenter\" src=\"http:\/\/choeursdecarcassonne.fr\/wp-content\/uploads\/2024\/05\/Choeurs-de-Carcassonne-1-scaled-2-300x170.jpg\" alt=\"\" width=\"300\" height=\"170\" srcset=\"https:\/\/choeursdecarcassonne.fr\/wp-content\/uploads\/2024\/05\/Choeurs-de-Carcassonne-1-scaled-2-300x170.jpg 300w, https:\/\/choeursdecarcassonne.fr\/wp-content\/uploads\/2024\/05\/Choeurs-de-Carcassonne-1-scaled-2-1024x581.jpg 1024w, https:\/\/choeursdecarcassonne.fr\/wp-content\/uploads\/2024\/05\/Choeurs-de-Carcassonne-1-scaled-2-768x436.jpg 768w, https:\/\/choeursdecarcassonne.fr\/wp-content\/uploads\/2024\/05\/Choeurs-de-Carcassonne-1-scaled-2-1536x871.jpg 1536w, https:\/\/choeursdecarcassonne.fr\/wp-content\/uploads\/2024\/05\/Choeurs-de-Carcassonne-1-scaled-2-2048x1162.jpg 2048w, https:\/\/choeursdecarcassonne.fr\/wp-content\/uploads\/2024\/05\/Choeurs-de-Carcassonne-1-scaled-2-476x270.jpg 476w\" sizes=\"auto, (max-width: 300px) 100vw, 300px\" \/><\/figure>\r\n<figure class=\"wp-block-image\"><img loading=\"lazy\" decoding=\"async\" class=\"size-medium wp-image-390 aligncenter\" src=\"http:\/\/choeursdecarcassonne.fr\/wp-content\/uploads\/2024\/05\/Choeurs-de-Carcassonne-2-768x217-1-300x85.jpg\" alt=\"\" width=\"300\" height=\"85\" srcset=\"https:\/\/choeursdecarcassonne.fr\/wp-content\/uploads\/2024\/05\/Choeurs-de-Carcassonne-2-768x217-1-300x85.jpg 300w, https:\/\/choeursdecarcassonne.fr\/wp-content\/uploads\/2024\/05\/Choeurs-de-Carcassonne-2-768x217-1-604x171.jpg 604w, https:\/\/choeursdecarcassonne.fr\/wp-content\/uploads\/2024\/05\/Choeurs-de-Carcassonne-2-768x217-1.jpg 768w\" sizes=\"auto, (max-width: 300px) 100vw, 300px\" \/><\/figure>\r\n<p style=\"text-align: center;\"><span style=\"font-size: 10px;\">Concert baroque &#8211; Agde 2005<\/span><\/p>\r\n<figure class=\"wp-block-image\"><img loading=\"lazy\" decoding=\"async\" class=\"size-medium wp-image-391 aligncenter\" src=\"http:\/\/choeursdecarcassonne.fr\/wp-content\/uploads\/2024\/05\/Concert-Baroque-AGDE-2-400x267-1-300x200.jpg\" alt=\"\" width=\"300\" height=\"200\" srcset=\"https:\/\/choeursdecarcassonne.fr\/wp-content\/uploads\/2024\/05\/Concert-Baroque-AGDE-2-400x267-1-300x200.jpg 300w, https:\/\/choeursdecarcassonne.fr\/wp-content\/uploads\/2024\/05\/Concert-Baroque-AGDE-2-400x267-1.jpg 400w\" sizes=\"auto, (max-width: 300px) 100vw, 300px\" \/><\/figure>\r\n<figure class=\"wp-block-image\"><img loading=\"lazy\" decoding=\"async\" class=\"size-medium wp-image-392 aligncenter\" src=\"http:\/\/choeursdecarcassonne.fr\/wp-content\/uploads\/2024\/05\/Concert-Baroque-AGDE-11-400x267-1-300x200.jpg\" alt=\"\" width=\"300\" height=\"200\" srcset=\"https:\/\/choeursdecarcassonne.fr\/wp-content\/uploads\/2024\/05\/Concert-Baroque-AGDE-11-400x267-1-300x200.jpg 300w, https:\/\/choeursdecarcassonne.fr\/wp-content\/uploads\/2024\/05\/Concert-Baroque-AGDE-11-400x267-1.jpg 400w\" sizes=\"auto, (max-width: 300px) 100vw, 300px\" \/><\/figure>\r\n<figure class=\"wp-block-image\"><img loading=\"lazy\" decoding=\"async\" class=\"size-medium wp-image-393 aligncenter\" src=\"http:\/\/choeursdecarcassonne.fr\/wp-content\/uploads\/2024\/05\/Concert-Baroque-AGDE-12-400x267-1-300x200.jpg\" alt=\"\" width=\"300\" height=\"200\" srcset=\"https:\/\/choeursdecarcassonne.fr\/wp-content\/uploads\/2024\/05\/Concert-Baroque-AGDE-12-400x267-1-300x200.jpg 300w, https:\/\/choeursdecarcassonne.fr\/wp-content\/uploads\/2024\/05\/Concert-Baroque-AGDE-12-400x267-1.jpg 400w\" sizes=\"auto, (max-width: 300px) 100vw, 300px\" \/><\/figure>\r\n<figure class=\"wp-block-image\"><img loading=\"lazy\" decoding=\"async\" class=\"size-medium wp-image-394 alignnone\" src=\"http:\/\/choeursdecarcassonne.fr\/wp-content\/uploads\/2024\/05\/concert-mozart-agde-2005-768x535-1-300x209.jpg\" alt=\"\" width=\"300\" height=\"209\" srcset=\"https:\/\/choeursdecarcassonne.fr\/wp-content\/uploads\/2024\/05\/concert-mozart-agde-2005-768x535-1-300x209.jpg 300w, https:\/\/choeursdecarcassonne.fr\/wp-content\/uploads\/2024\/05\/concert-mozart-agde-2005-768x535-1-388x270.jpg 388w, https:\/\/choeursdecarcassonne.fr\/wp-content\/uploads\/2024\/05\/concert-mozart-agde-2005-768x535-1.jpg 768w\" sizes=\"auto, (max-width: 300px) 100vw, 300px\" \/><\/figure>\r\n<figure class=\"wp-block-image\"><img loading=\"lazy\" decoding=\"async\" class=\"alignnone size-medium wp-image-395\" src=\"http:\/\/choeursdecarcassonne.fr\/wp-content\/uploads\/2024\/05\/cropped-Headergm-300x94.jpg\" alt=\"\" width=\"300\" height=\"94\" srcset=\"https:\/\/choeursdecarcassonne.fr\/wp-content\/uploads\/2024\/05\/cropped-Headergm-300x94.jpg 300w, https:\/\/choeursdecarcassonne.fr\/wp-content\/uploads\/2024\/05\/cropped-Headergm-1024x320.jpg 1024w, https:\/\/choeursdecarcassonne.fr\/wp-content\/uploads\/2024\/05\/cropped-Headergm-768x240.jpg 768w, https:\/\/choeursdecarcassonne.fr\/wp-content\/uploads\/2024\/05\/cropped-Headergm-604x189.jpg 604w, https:\/\/choeursdecarcassonne.fr\/wp-content\/uploads\/2024\/05\/cropped-Headergm.jpg 1440w\" sizes=\"auto, (max-width: 300px) 100vw, 300px\" \/><\/figure>\r\n<figure class=\"wp-block-image\"><img loading=\"lazy\" decoding=\"async\" class=\"size-full wp-image-396 aligncenter\" src=\"http:\/\/choeursdecarcassonne.fr\/wp-content\/uploads\/2024\/05\/messa-di-gloria-de-mascagni-la-grande-motte-2001-300x191-1.jpg\" alt=\"\" width=\"300\" height=\"191\" \/>\u00a0 <img loading=\"lazy\" decoding=\"async\" class=\"size-medium wp-image-397 aligncenter\" src=\"http:\/\/choeursdecarcassonne.fr\/wp-content\/uploads\/2024\/05\/messa-di-gloria-de-mascagni-la-grande-motte-2001-768x489-1-300x191.jpg\" alt=\"\" width=\"300\" height=\"191\" srcset=\"https:\/\/choeursdecarcassonne.fr\/wp-content\/uploads\/2024\/05\/messa-di-gloria-de-mascagni-la-grande-motte-2001-768x489-1-300x191.jpg 300w, https:\/\/choeursdecarcassonne.fr\/wp-content\/uploads\/2024\/05\/messa-di-gloria-de-mascagni-la-grande-motte-2001-768x489-1-424x270.jpg 424w, https:\/\/choeursdecarcassonne.fr\/wp-content\/uploads\/2024\/05\/messa-di-gloria-de-mascagni-la-grande-motte-2001-768x489-1.jpg 768w\" sizes=\"auto, (max-width: 300px) 100vw, 300px\" \/><\/figure>\r\n<figure class=\"wp-block-image\"><span style=\"font-size: 10px;\">\u00a0 \u00a0 \u00a0 \u00a0 \u00a0 \u00a0 \u00a0 \u00a0 \u00a0 \u00a0 \u00a0 \u00a0 \u00a0 \u00a0 \u00a0 \u00a0 \u00a0 \u00a0 La Grande-Motte &#8211; 2001 &#8211; 2002\u00a0<\/span><br \/>\r\n<span style=\"font-size: 10px;\">\u00a0 \u00a0 \u00a0 \u00a0 \u00a0 \u00a0 \u00a0 \u00a0 \u00a0 \u00a0 \u00a0Missa Gloria Mascagni &#8211; Missa solemnis Mozart<\/span>\r\n<p><img loading=\"lazy\" decoding=\"async\" class=\"size-medium wp-image-398 aligncenter\" src=\"http:\/\/choeursdecarcassonne.fr\/wp-content\/uploads\/2024\/05\/missa-solemnis-de-mozart-la-grande-motte-2002-300x201.jpg\" alt=\"\" width=\"300\" height=\"201\" srcset=\"https:\/\/choeursdecarcassonne.fr\/wp-content\/uploads\/2024\/05\/missa-solemnis-de-mozart-la-grande-motte-2002-300x201.jpg 300w, https:\/\/choeursdecarcassonne.fr\/wp-content\/uploads\/2024\/05\/missa-solemnis-de-mozart-la-grande-motte-2002-768x515.jpg 768w, https:\/\/choeursdecarcassonne.fr\/wp-content\/uploads\/2024\/05\/missa-solemnis-de-mozart-la-grande-motte-2002-403x270.jpg 403w, https:\/\/choeursdecarcassonne.fr\/wp-content\/uploads\/2024\/05\/missa-solemnis-de-mozart-la-grande-motte-2002.jpg 800w\" sizes=\"auto, (max-width: 300px) 100vw, 300px\" \/><\/p>\r\n<p><img loading=\"lazy\" decoding=\"async\" class=\"size-medium wp-image-399 alignnone\" src=\"http:\/\/choeursdecarcassonne.fr\/wp-content\/uploads\/2024\/05\/missa-solemnis-de-mozart-la-grande-motte-2002-300x201-1.jpg\" alt=\"\" width=\"300\" height=\"201\" \/><\/p>\r\n<p style=\"text-align: center;\"><span style=\"font-size: 10px;\">Nabucco &#8211; Ar\u00e8nes de B\u00e9ziers 2008<\/span><\/p>\r\n<p><img loading=\"lazy\" decoding=\"async\" class=\"size-medium wp-image-401 aligncenter\" src=\"http:\/\/choeursdecarcassonne.fr\/wp-content\/uploads\/2024\/05\/Nabucco-25-juillet-2008-Arenes-de-Beziers-19-300x200.jpg\" alt=\"\" width=\"300\" height=\"200\" srcset=\"https:\/\/choeursdecarcassonne.fr\/wp-content\/uploads\/2024\/05\/Nabucco-25-juillet-2008-Arenes-de-Beziers-19-300x200.jpg 300w, https:\/\/choeursdecarcassonne.fr\/wp-content\/uploads\/2024\/05\/Nabucco-25-juillet-2008-Arenes-de-Beziers-19-768x512.jpg 768w, https:\/\/choeursdecarcassonne.fr\/wp-content\/uploads\/2024\/05\/Nabucco-25-juillet-2008-Arenes-de-Beziers-19-405x270.jpg 405w, https:\/\/choeursdecarcassonne.fr\/wp-content\/uploads\/2024\/05\/Nabucco-25-juillet-2008-Arenes-de-Beziers-19.jpg 800w\" sizes=\"auto, (max-width: 300px) 100vw, 300px\" \/><\/p>\r\n\r\n<figure id=\"attachment_402\" aria-describedby=\"caption-attachment-402\" style=\"width: 300px\" class=\"wp-caption aligncenter\"><img loading=\"lazy\" decoding=\"async\" class=\"size-medium wp-image-402\" src=\"http:\/\/choeursdecarcassonne.fr\/wp-content\/uploads\/2024\/05\/Nabucco-25-juillet-2008-Arenes-de-Beziers-23-680x300-1-300x132.jpg\" alt=\"\" width=\"300\" height=\"132\" srcset=\"https:\/\/choeursdecarcassonne.fr\/wp-content\/uploads\/2024\/05\/Nabucco-25-juillet-2008-Arenes-de-Beziers-23-680x300-1-300x132.jpg 300w, https:\/\/choeursdecarcassonne.fr\/wp-content\/uploads\/2024\/05\/Nabucco-25-juillet-2008-Arenes-de-Beziers-23-680x300-1-604x266.jpg 604w, https:\/\/choeursdecarcassonne.fr\/wp-content\/uploads\/2024\/05\/Nabucco-25-juillet-2008-Arenes-de-Beziers-23-680x300-1.jpg 680w\" sizes=\"auto, (max-width: 300px) 100vw, 300px\" \/><figcaption id=\"caption-attachment-402\" class=\"wp-caption-text\"><span style=\"font-size: 10px;\">\u00a0 \u00a0 \u00a0 \u00a0 \u00a0 \u00a0 \u00a0 \u00a0 \u00a0 \u00a0 \u00a0Requiem Mozart &#8211; Perpignan 2006<\/span><\/figcaption><\/figure>\r\n\r\n<p><img loading=\"lazy\" decoding=\"async\" class=\"size-medium wp-image-403\" src=\"http:\/\/choeursdecarcassonne.fr\/wp-content\/uploads\/2024\/05\/requiem-de-mozart-campo-santo-juillet-2006-400x268-1-300x201.jpg\" alt=\"\" width=\"300\" height=\"201\" srcset=\"https:\/\/choeursdecarcassonne.fr\/wp-content\/uploads\/2024\/05\/requiem-de-mozart-campo-santo-juillet-2006-400x268-1-300x201.jpg 300w, https:\/\/choeursdecarcassonne.fr\/wp-content\/uploads\/2024\/05\/requiem-de-mozart-campo-santo-juillet-2006-400x268-1.jpg 400w\" sizes=\"auto, (max-width: 300px) 100vw, 300px\" \/><\/p>\r\n\r\n<figure id=\"attachment_404\" aria-describedby=\"caption-attachment-404\" style=\"width: 300px\" class=\"wp-caption aligncenter\"><img loading=\"lazy\" decoding=\"async\" class=\"size-medium wp-image-404\" src=\"http:\/\/choeursdecarcassonne.fr\/wp-content\/uploads\/2024\/05\/requiem-de-mozartperpignan-2006-300x153.jpg\" alt=\"\" width=\"300\" height=\"153\" srcset=\"https:\/\/choeursdecarcassonne.fr\/wp-content\/uploads\/2024\/05\/requiem-de-mozartperpignan-2006-300x153.jpg 300w, https:\/\/choeursdecarcassonne.fr\/wp-content\/uploads\/2024\/05\/requiem-de-mozartperpignan-2006-768x393.jpg 768w, https:\/\/choeursdecarcassonne.fr\/wp-content\/uploads\/2024\/05\/requiem-de-mozartperpignan-2006-528x270.jpg 528w, https:\/\/choeursdecarcassonne.fr\/wp-content\/uploads\/2024\/05\/requiem-de-mozartperpignan-2006.jpg 800w\" sizes=\"auto, (max-width: 300px) 100vw, 300px\" \/><figcaption id=\"caption-attachment-404\" class=\"wp-caption-text\"><span style=\"font-size: 10px;\">\u00a0 \u00a0 \u00a0 \u00a0 \u00a0 \u00a0 \u00a0 \u00a0 Sainte C\u00e9cile &#8211; Cath\u00e9drale Saint-Michel 2008<\/span><\/figcaption><\/figure>\r\n\r\n<p><img loading=\"lazy\" decoding=\"async\" class=\"size-medium wp-image-405 aligncenter\" src=\"http:\/\/choeursdecarcassonne.fr\/wp-content\/uploads\/2024\/05\/Ste-Cecile-2008-4-300x191.jpg\" alt=\"\" width=\"300\" height=\"191\" srcset=\"https:\/\/choeursdecarcassonne.fr\/wp-content\/uploads\/2024\/05\/Ste-Cecile-2008-4-300x191.jpg 300w, https:\/\/choeursdecarcassonne.fr\/wp-content\/uploads\/2024\/05\/Ste-Cecile-2008-4-768x488.jpg 768w, https:\/\/choeursdecarcassonne.fr\/wp-content\/uploads\/2024\/05\/Ste-Cecile-2008-4-425x270.jpg 425w, https:\/\/choeursdecarcassonne.fr\/wp-content\/uploads\/2024\/05\/Ste-Cecile-2008-4.jpg 800w\" sizes=\"auto, (max-width: 300px) 100vw, 300px\" \/><\/p>\r\n<p><img loading=\"lazy\" decoding=\"async\" class=\"size-medium wp-image-406 aligncenter\" src=\"http:\/\/choeursdecarcassonne.fr\/wp-content\/uploads\/2024\/05\/Ste-Cecile-2008-13-768x512-1-300x200.jpg\" alt=\"\" width=\"300\" height=\"200\" srcset=\"https:\/\/choeursdecarcassonne.fr\/wp-content\/uploads\/2024\/05\/Ste-Cecile-2008-13-768x512-1-300x200.jpg 300w, https:\/\/choeursdecarcassonne.fr\/wp-content\/uploads\/2024\/05\/Ste-Cecile-2008-13-768x512-1-405x270.jpg 405w, https:\/\/choeursdecarcassonne.fr\/wp-content\/uploads\/2024\/05\/Ste-Cecile-2008-13-768x512-1.jpg 768w\" sizes=\"auto, (max-width: 300px) 100vw, 300px\" \/><\/p>\r\n<p><img loading=\"lazy\" decoding=\"async\" class=\"size-medium wp-image-407 aligncenter\" src=\"http:\/\/choeursdecarcassonne.fr\/wp-content\/uploads\/2024\/05\/Ste-Cecile-2008-26-300x200.jpg\" alt=\"\" width=\"300\" height=\"200\" srcset=\"https:\/\/choeursdecarcassonne.fr\/wp-content\/uploads\/2024\/05\/Ste-Cecile-2008-26-300x200.jpg 300w, https:\/\/choeursdecarcassonne.fr\/wp-content\/uploads\/2024\/05\/Ste-Cecile-2008-26-768x512.jpg 768w, https:\/\/choeursdecarcassonne.fr\/wp-content\/uploads\/2024\/05\/Ste-Cecile-2008-26-405x270.jpg 405w, https:\/\/choeursdecarcassonne.fr\/wp-content\/uploads\/2024\/05\/Ste-Cecile-2008-26.jpg 800w\" sizes=\"auto, (max-width: 300px) 100vw, 300px\" \/><\/p>\r\n<p><img loading=\"lazy\" decoding=\"async\" class=\"size-medium wp-image-408 aligncenter\" src=\"http:\/\/choeursdecarcassonne.fr\/wp-content\/uploads\/2024\/05\/Ste-Cecile-2008-54-300x192.jpg\" alt=\"\" width=\"300\" height=\"192\" srcset=\"https:\/\/choeursdecarcassonne.fr\/wp-content\/uploads\/2024\/05\/Ste-Cecile-2008-54-300x192.jpg 300w, https:\/\/choeursdecarcassonne.fr\/wp-content\/uploads\/2024\/05\/Ste-Cecile-2008-54-768x492.jpg 768w, https:\/\/choeursdecarcassonne.fr\/wp-content\/uploads\/2024\/05\/Ste-Cecile-2008-54-422x270.jpg 422w, https:\/\/choeursdecarcassonne.fr\/wp-content\/uploads\/2024\/05\/Ste-Cecile-2008-54.jpg 800w\" sizes=\"auto, (max-width: 300px) 100vw, 300px\" \/><\/p>\r\n<p><img \/><\/p>\r\n<\/figure>\r\n<p><!-- \/wp:image --><\/p>\r\n<\/figure>\r\n<p><!-- \/wp:gallery --><\/p>","protected":false},"excerpt":{"rendered":"<p>&nbsp; &nbsp; L&rsquo;aventure de la TRAVIATA :\u00a0 35 choristes de Carcassonne :\u00a013 alti, 14 soprani, 8 basses, avec le choeur Melop\u00e9e de Toulouse et des choristes de Perpignan R\u00e9p\u00e9titions : 26 avril (Petit Saint Gimer) avec Cyril &nbsp; &nbsp; 17 mai (Notre Dame de l&rsquo;Abbaye) avec Cyril et le maestro Claude Cuguill\u00e8re \u00e0 Toulouse 28 juin\u00a0 Musicale Toulouse 3 juillet Violetta accompagn\u00e9e par la clarinette de Jean-Marc &nbsp; &nbsp; Mise en sc\u00e8ne D\u00f4me 4 juillet &nbsp; &nbsp; G\u00e9n\u00e9rale samedi 5&#8230;<\/p>\n<p class=\"read-more\"><a class=\"btn btn-default\" href=\"https:\/\/choeursdecarcassonne.fr\/index.php\/photos\/\">Lire la suite<span class=\"screen-reader-text\"> Lire la suite<\/span><\/a><\/p>\n","protected":false},"author":1,"featured_media":0,"parent":0,"menu_order":0,"comment_status":"closed","ping_status":"closed","template":"","meta":{"footnotes":""},"class_list":["post-103","page","type-page","status-publish","hentry"],"_links":{"self":[{"href":"https:\/\/choeursdecarcassonne.fr\/index.php\/wp-json\/wp\/v2\/pages\/103","targetHints":{"allow":["GET"]}}],"collection":[{"href":"https:\/\/choeursdecarcassonne.fr\/index.php\/wp-json\/wp\/v2\/pages"}],"about":[{"href":"https:\/\/choeursdecarcassonne.fr\/index.php\/wp-json\/wp\/v2\/types\/page"}],"author":[{"embeddable":true,"href":"https:\/\/choeursdecarcassonne.fr\/index.php\/wp-json\/wp\/v2\/users\/1"}],"replies":[{"embeddable":true,"href":"https:\/\/choeursdecarcassonne.fr\/index.php\/wp-json\/wp\/v2\/comments?post=103"}],"version-history":[{"count":35,"href":"https:\/\/choeursdecarcassonne.fr\/index.php\/wp-json\/wp\/v2\/pages\/103\/revisions"}],"predecessor-version":[{"id":1162,"href":"https:\/\/choeursdecarcassonne.fr\/index.php\/wp-json\/wp\/v2\/pages\/103\/revisions\/1162"}],"wp:attachment":[{"href":"https:\/\/choeursdecarcassonne.fr\/index.php\/wp-json\/wp\/v2\/media?parent=103"}],"curies":[{"name":"wp","href":"https:\/\/api.w.org\/{rel}","templated":true}]}}